{"id":438,"date":"2023-12-14T10:55:12","date_gmt":"2023-12-14T09:55:12","guid":{"rendered":"https:\/\/clinicaarus.com\/tractaments-dentals\/periodoncia\/"},"modified":"2024-04-19T14:48:20","modified_gmt":"2024-04-19T12:48:20","slug":"periodoncia","status":"publish","type":"page","link":"https:\/\/www.clinicaarus.com\/ca\/tractaments-dentals\/periodoncia\/","title":{"rendered":"Period\u00f2ncia"},"content":{"rendered":"<p><div class=\"fusion-fullwidth fullwidth-box fusion-builder-row-1 fusion-flex-container has-pattern-background has-mask-background hundred-percent-fullwidth non-hundred-percent-height-scrolling\" style=\"--awb-border-color:var(--awb-color3);--awb-border-radius-top-left:0px;--awb-border-radius-top-right:0px;--awb-border-radius-bottom-right:0px;--awb-border-radius-bottom-left:0px;--awb-padding-top:0px;--awb-padding-right:0px;--awb-padding-bottom:0px;--awb-padding-left:0px;--awb-margin-bottom:0px;--awb-flex-wrap:wrap;\" ><div class=\"fusion-builder-row fusion-row fusion-flex-align-items-stretch fusion-flex-content-wrap\" style=\"width:calc( 100% + 0px ) !important;max-width:calc( 100% + 0px ) !important;margin-left: calc(-0px \/ 2 );margin-right: calc(-0px \/ 2 );\"><div class=\"fusion-layout-column fusion_builder_column fusion-builder-column-0 fusion_builder_column_1_2 1_2 fusion-flex-column\" style=\"--awb-padding-top:14vh;--awb-padding-right:5vw;--awb-padding-bottom:14vh;--awb-padding-left:5vw;--awb-padding-top-medium:8vw;--awb-padding-bottom-medium:8vw;--awb-padding-top-small:70px;--awb-padding-bottom-small:70px;--awb-bg-color:rgba(255,255,255,0);--awb-bg-color-hover:rgba(255,255,255,0);--awb-bg-size:cover;--awb-width-large:50%;--awb-margin-top-large:0px;--awb-spacing-right-large:0px;--awb-margin-bottom-large:0px;--awb-spacing-left-large:0px;--awb-width-medium:50%;--awb-order-medium:0;--awb-spacing-right-medium:0px;--awb-spacing-left-medium:0px;--awb-width-small:100%;--awb-order-small:1;--awb-spacing-right-small:0px;--awb-spacing-left-small:0px;\" data-scroll-devices=\"small-visibility,medium-visibility,large-visibility\"><div class=\"fusion-column-wrapper fusion-column-has-shadow fusion-flex-justify-content-flex-start fusion-content-layout-column\"><div class=\"fusion-text fusion-text-1\" style=\"--awb-font-size:20px;--awb-line-height:0;--awb-letter-spacing:0.6px;--awb-text-transform:var(--awb-typography2-text-transform);--awb-text-color:var(--awb-color5);--awb-text-font-family:&quot;Work Sans&quot;;--awb-text-font-style:normal;--awb-text-font-weight:400;\"><p>TRACTAMENT<\/p>\n<\/div><div class=\"fusion-title title fusion-title-1 fusion-sep-none fusion-title-text fusion-title-size-one\"><h1 class=\"fusion-title-heading title-heading-left fusion-responsive-typography-calculated\" style=\"margin:0;--fontSize:40;line-height:var(--awb-typography1-line-height);\">Period\u00f2ncia<\/h1><\/div><div class=\"fusion-text fusion-text-2\"><p>La Period\u00f2ncia \u00e9s una especialitat essencial de l&#8217;odontologia que se centra en la prevenci\u00f3, diagn\u00f2stic i tractament de les malalties que afecten les genives i estructures de suport de les dents.<\/p>\n<p>La gingivitis i la periodontitis s\u00f3n les dues etapes de la malaltia de les genives, i \u00e9s important entendre les difer\u00e8ncies entre elles, aix\u00ed com la seva relaci\u00f3.<\/p>\n<\/div><div ><a class=\"fusion-button button-flat fusion-button-default-size button-default fusion-button-default button-1 fusion-button-span-no fusion-button-default-type\" target=\"_self\" href=\"#contacto\"><span class=\"fusion-button-text\">DEMANA CITA<\/span><\/a><\/div><\/div><\/div><div class=\"fusion-layout-column fusion_builder_column fusion-builder-column-1 fusion_builder_column_1_2 1_2 fusion-flex-column\" style=\"--awb-bg-image:url(&#039;https:\/\/www.clinicaarus.com\/wp-content\/uploads\/2024\/02\/PERIODONCIA4.jpg&#039;);--awb-bg-position:center center;--awb-bg-size:cover;--awb-width-large:50%;--awb-margin-top-large:0px;--awb-spacing-right-large:0px;--awb-margin-bottom-large:0px;--awb-spacing-left-large:0px;--awb-width-medium:50%;--awb-order-medium:0;--awb-spacing-right-medium:0px;--awb-spacing-left-medium:0px;--awb-width-small:100%;--awb-order-small:0;--awb-spacing-right-small:0px;--awb-spacing-left-small:0px;\" data-scroll-devices=\"small-visibility,medium-visibility,large-visibility\"><div class=\"fusion-column-wrapper fusion-column-has-shadow fusion-flex-justify-content-flex-start fusion-content-layout-column fusion-empty-column-bg-image fusion-column-has-bg-image\" data-bg-url=\"https:\/\/www.clinicaarus.com\/wp-content\/uploads\/2024\/02\/PERIODONCIA4.jpg\"><img decoding=\"async\" class=\"fusion-empty-dims-img-placeholder fusion-no-large-visibility fusion-no-medium-visibility\" src=\"data:image\/svg+xml,%3Csvg%20xmlns%3D%27http%3A%2F%2Fwww.w3.org%2F2000%2Fsvg%27%20width%3D%271000%27%20height%3D%27666%27%20viewBox%3D%270%200%201000%20666%27%3E%3Crect%20width%3D%271000%27%20height%3D%27666%27%20fill-opacity%3D%220%22%2F%3E%3C%2Fsvg%3E\"><\/div><\/div><\/div><\/div><div class=\"fusion-fullwidth fullwidth-box fusion-builder-row-2 fusion-flex-container has-pattern-background has-mask-background nonhundred-percent-fullwidth non-hundred-percent-height-scrolling\" style=\"--awb-border-radius-top-left:0px;--awb-border-radius-top-right:0px;--awb-border-radius-bottom-right:0px;--awb-border-radius-bottom-left:0px;--awb-padding-top:80px;--awb-padding-bottom:80px;--awb-background-color:var(--awb-color3);--awb-flex-wrap:wrap;\" ><div class=\"fusion-builder-row fusion-row fusion-flex-align-items-flex-start fusion-flex-content-wrap\" style=\"max-width:1325px;margin-left: calc(-6% \/ 2 );margin-right: calc(-6% \/ 2 );\"><div class=\"fusion-layout-column fusion_builder_column fusion-builder-column-2 fusion_builder_column_1_2 1_2 fusion-flex-column\" style=\"--awb-bg-size:cover;--awb-width-large:50%;--awb-margin-top-large:0px;--awb-spacing-right-large:5.64%;--awb-margin-bottom-large:50px;--awb-spacing-left-large:5.64%;--awb-width-medium:50%;--awb-order-medium:0;--awb-spacing-right-medium:5.64%;--awb-spacing-left-medium:5.64%;--awb-width-small:100%;--awb-order-small:0;--awb-spacing-right-small:2.82%;--awb-spacing-left-small:2.82%;\" data-scroll-devices=\"small-visibility,medium-visibility,large-visibility\"><div class=\"fusion-column-wrapper fusion-column-has-shadow fusion-flex-justify-content-flex-start fusion-content-layout-column\"><div class=\"fusion-title title fusion-title-2 fusion-sep-none fusion-title-text fusion-title-size-two\"><h2 class=\"fusion-title-heading title-heading-left fusion-responsive-typography-calculated\" style=\"margin:0;--fontSize:35;line-height:var(--awb-typography1-line-height);\">Gingivitis<\/h2><\/div><div class=\"fusion-text fusion-text-3\"><p>La gingivitis \u00e9s l&#8217;etapa inicial de la malaltia de les genives i es caracteritza per la inflamaci\u00f3 de les genives. \u00c9s causada principalment per l&#8217;acumulaci\u00f3 de placa, una pel\u00b7l\u00edcula enganxosa composta principalment per bacteris que es formen en les dents, especialment al llarg de la l\u00ednia de les genives.<\/p>\n<p>La bona not\u00edcia \u00e9s que la gingivitis \u00e9s reversible amb una higiene bucal adequada i visites regulars al dentista. La neteja professional per a eliminar la placa i el carrall, combinada amb el raspallat i \u00fas de fil dental diari, pot ajudar a restaurar la salut de les genives.<\/p>\n<\/div><\/div><\/div><div class=\"fusion-layout-column fusion_builder_column fusion-builder-column-3 fusion_builder_column_1_2 1_2 fusion-flex-column\" style=\"--awb-bg-size:cover;--awb-width-large:50%;--awb-margin-top-large:0px;--awb-spacing-right-large:5.64%;--awb-margin-bottom-large:20px;--awb-spacing-left-large:5.64%;--awb-width-medium:50%;--awb-order-medium:0;--awb-spacing-right-medium:5.64%;--awb-spacing-left-medium:5.64%;--awb-width-small:100%;--awb-order-small:0;--awb-spacing-right-small:2.82%;--awb-spacing-left-small:2.82%;\"><div class=\"fusion-column-wrapper fusion-column-has-shadow fusion-flex-justify-content-flex-start fusion-content-layout-column\"><div class=\"fusion-title title fusion-title-3 fusion-sep-none fusion-title-text fusion-title-size-two\"><h2 class=\"fusion-title-heading title-heading-left fusion-responsive-typography-calculated\" style=\"margin:0;--fontSize:35;line-height:var(--awb-typography1-line-height);\">Periodontitis<\/h2><\/div><div class=\"fusion-text fusion-text-4\"><p>Si la gingivitis no es tracta, pot progressar a periodontitis, una forma m\u00e9s seriosa de malaltia de les genives. En la periodontitis, la inflamaci\u00f3 s&#8217;est\u00e9n des de les genives fins a l&#8217;os que suporta les dents, causant la seva destrucci\u00f3 progressiva. Aix\u00f2 pot portar a la formaci\u00f3 de bosses entre les genives i les dents, que s&#8217;omplen de placa, carrall i bacteris. Amb el temps, aquestes bosses s&#8217;aprofundeixen, destruint m\u00e9s teixit i os, la qual cosa pot portar al fet que les dents s&#8217;afluixin i, en casos greus, a la p\u00e8rdua de dents.<\/p>\n<\/div><\/div><\/div><\/div><\/div><div class=\"fusion-fullwidth fullwidth-box fusion-builder-row-3 fusion-flex-container has-pattern-background has-mask-background hundred-percent-fullwidth non-hundred-percent-height-scrolling\" style=\"--awb-border-color:var(--awb-color3);--awb-border-radius-top-left:0px;--awb-border-radius-top-right:0px;--awb-border-radius-bottom-right:0px;--awb-border-radius-bottom-left:0px;--awb-padding-top:0px;--awb-padding-right:0px;--awb-padding-bottom:0px;--awb-padding-left:0px;--awb-margin-bottom:0px;--awb-flex-wrap:wrap;\" ><div class=\"fusion-builder-row fusion-row fusion-flex-align-items-stretch fusion-flex-content-wrap\" style=\"width:calc( 100% + 0px ) !important;max-width:calc( 100% + 0px ) !important;margin-left: calc(-0px \/ 2 );margin-right: calc(-0px \/ 2 );\"><div class=\"fusion-layout-column fusion_builder_column fusion-builder-column-4 fusion_builder_column_1_2 1_2 fusion-flex-column\" style=\"--awb-bg-image:url(&#039;https:\/\/www.clinicaarus.com\/wp-content\/uploads\/2024\/02\/PERIODONCIA1.jpg&#039;);--awb-bg-position:center center;--awb-bg-size:cover;--awb-width-large:50%;--awb-margin-top-large:0px;--awb-spacing-right-large:0px;--awb-margin-bottom-large:0px;--awb-spacing-left-large:0px;--awb-width-medium:50%;--awb-order-medium:0;--awb-spacing-right-medium:0px;--awb-spacing-left-medium:0px;--awb-width-small:100%;--awb-order-small:0;--awb-spacing-right-small:0px;--awb-spacing-left-small:0px;\" data-scroll-devices=\"small-visibility,medium-visibility,large-visibility\"><div class=\"fusion-column-wrapper fusion-column-has-shadow fusion-flex-justify-content-flex-start fusion-content-layout-column fusion-empty-column-bg-image fusion-column-has-bg-image\" data-bg-url=\"https:\/\/www.clinicaarus.com\/wp-content\/uploads\/2024\/02\/PERIODONCIA1.jpg\"><img decoding=\"async\" class=\"fusion-empty-dims-img-placeholder fusion-no-large-visibility fusion-no-medium-visibility\" src=\"data:image\/svg+xml,%3Csvg%20xmlns%3D%27http%3A%2F%2Fwww.w3.org%2F2000%2Fsvg%27%20width%3D%271000%27%20height%3D%27666%27%20viewBox%3D%270%200%201000%20666%27%3E%3Crect%20width%3D%271000%27%20height%3D%27666%27%20fill-opacity%3D%220%22%2F%3E%3C%2Fsvg%3E\"><\/div><\/div><div class=\"fusion-layout-column fusion_builder_column fusion-builder-column-5 fusion_builder_column_1_2 1_2 fusion-flex-column\" style=\"--awb-padding-top:8vh;--awb-padding-right:5vw;--awb-padding-bottom:8vh;--awb-padding-left:5vw;--awb-padding-top-medium:8vw;--awb-padding-bottom-medium:8vw;--awb-padding-top-small:50px;--awb-bg-color:rgba(255,255,255,0);--awb-bg-color-hover:rgba(255,255,255,0);--awb-bg-size:cover;--awb-width-large:50%;--awb-margin-top-large:0px;--awb-spacing-right-large:0px;--awb-margin-bottom-large:0px;--awb-spacing-left-large:0px;--awb-width-medium:50%;--awb-order-medium:0;--awb-spacing-right-medium:0px;--awb-spacing-left-medium:0px;--awb-width-small:100%;--awb-order-small:1;--awb-spacing-right-small:0px;--awb-spacing-left-small:0px;\" data-scroll-devices=\"small-visibility,medium-visibility,large-visibility\"><div class=\"fusion-column-wrapper fusion-column-has-shadow fusion-flex-justify-content-flex-start fusion-content-layout-column\"><div class=\"fusion-title title fusion-title-4 fusion-sep-none fusion-title-text fusion-title-size-two\"><h2 class=\"fusion-title-heading title-heading-left fusion-responsive-typography-calculated\" style=\"margin:0;--fontSize:35;line-height:var(--awb-typography1-line-height);\">Els s\u00edmptomes de la periodontitis inclouen els de la gingivitis, aquests s\u00f3n alguns dels signes m\u00e9s comuns:<\/h2><\/div><ul style=\"--awb-line-height:27.2px;--awb-icon-width:27.2px;--awb-icon-height:27.2px;--awb-icon-margin:11.2px;--awb-content-margin:38.4px;--awb-circlecolor:var(--awb-color4);--awb-circle-yes-font-size:14.08px;\" class=\"fusion-checklist fusion-checklist-1 fusion-checklist-default type-icons\"><li class=\"fusion-li-item\" style=\"\"><span class=\"icon-wrapper circle-yes\"><i class=\"fusion-li-icon awb-icon-check\" aria-hidden=\"true\"><\/i><\/span><div class=\"fusion-li-item-content\">\n<p><strong>Sagnat de genives<\/strong>: Un dels primers s\u00edmptomes \u00e9s el sagnat de les genives durant el raspallat o l&#8217;\u00fas de fil dental. Aix\u00f2 pot ser un indici de gingivitis, que \u00e9s l&#8217;etapa inicial de la malaltia periodontal.<\/p>\n<\/div><\/li><li class=\"fusion-li-item\" style=\"\"><span class=\"icon-wrapper circle-yes\"><i class=\"fusion-li-icon awb-icon-check\" aria-hidden=\"true\"><\/i><\/span><div class=\"fusion-li-item-content\">\n<p><strong>Genives vermelles o inflades<\/strong>: Les genives saludables solen ser d&#8217;un color rosa p\u00e0l\u00b7lid i fermes al tacte. Si estan vermelles, inflades o sensibles, pot ser un signe d&#8217;inflamaci\u00f3 a causa de la malaltia de les genives.<\/p>\n<\/div><\/li><li class=\"fusion-li-item\" style=\"\"><span class=\"icon-wrapper circle-yes\"><i class=\"fusion-li-icon awb-icon-check\" aria-hidden=\"true\"><\/i><\/span><div class=\"fusion-li-item-content\">\n<p><strong>Mal al\u00e8 persistent<\/strong>: El mal al\u00e8 cr\u00f2nic o un mal sabor en la boca poden ser indicatius que hi ha una acumulaci\u00f3 de bacteris sota la l\u00ednia de les genives.<\/p>\n<\/div><\/li><li class=\"fusion-li-item\" style=\"\"><span class=\"icon-wrapper circle-yes\"><i class=\"fusion-li-icon awb-icon-check\" aria-hidden=\"true\"><\/i><\/span><div class=\"fusion-li-item-content\">\n<p><strong>Retracci\u00f3 de genives<\/strong>: A mesura que avan\u00e7a la malaltia, les genives poden comen\u00e7ar a retreure&#8217;s o allunyar-se de les dents, fent que aquests semblin m\u00e9s llargs del normal.<\/p>\n<\/div><\/li><li class=\"fusion-li-item\" style=\"\"><span class=\"icon-wrapper circle-yes\"><i class=\"fusion-li-icon awb-icon-check\" aria-hidden=\"true\"><\/i><\/span><div class=\"fusion-li-item-content\">\n<p><strong>Dents fluixes o canvi en la mossegada<\/strong>: En les etapes m\u00e9s avan\u00e7ades, les dents poden afluixar-se o moure&#8217;s lleugerament, i aix\u00f2 pot afectar la forma en qu\u00e8 encaixen en mossegar o en tancar la boca.<\/p>\n<\/div><\/li><li class=\"fusion-li-item\" style=\"\"><span class=\"icon-wrapper circle-yes\"><i class=\"fusion-li-icon awb-icon-check\" aria-hidden=\"true\"><\/i><\/span><div class=\"fusion-li-item-content\">\n<p><strong>Sensibilitat dent\u00e0ria<\/strong>: Pot haver-hi augment de la sensibilitat en les dents, especialment en consumir aliments o begudes calentes, fredes o dolces.<\/p>\n<\/div><\/li><li class=\"fusion-li-item\" style=\"\"><span class=\"icon-wrapper circle-yes\"><i class=\"fusion-li-icon awb-icon-check\" aria-hidden=\"true\"><\/i><\/span><div class=\"fusion-li-item-content\">\n<p><strong>Dolor en mastegar<\/strong>: La malaltia avan\u00e7ada de les genives pot causar mol\u00e8sties o dolor en mastegar.<\/p>\n<\/div><\/li><\/ul><\/div><\/div><\/div><\/div><div class=\"fusion-fullwidth fullwidth-box fusion-builder-row-4 fusion-flex-container has-pattern-background has-mask-background nonhundred-percent-fullwidth non-hundred-percent-height-scrolling\" style=\"--awb-border-radius-top-left:0px;--awb-border-radius-top-right:0px;--awb-border-radius-bottom-right:0px;--awb-border-radius-bottom-left:0px;--awb-padding-top:80px;--awb-padding-bottom:80px;--awb-background-color:var(--awb-color3);--awb-flex-wrap:wrap;\" ><div class=\"fusion-builder-row fusion-row fusion-flex-align-items-stretch fusion-flex-content-wrap\" style=\"max-width:1325px;margin-left: calc(-6% \/ 2 );margin-right: calc(-6% \/ 2 );\"><div class=\"fusion-layout-column fusion_builder_column fusion-builder-column-6 fusion_builder_column_1_3 1_3 fusion-flex-column\" style=\"--awb-padding-top:30px;--awb-padding-right:30px;--awb-padding-bottom:30px;--awb-padding-left:30px;--awb-bg-color:var(--awb-color4);--awb-bg-color-hover:var(--awb-color4);--awb-bg-size:cover;--awb-width-large:33.333333333333%;--awb-margin-top-large:0px;--awb-spacing-right-large:8.46%;--awb-margin-bottom-large:50px;--awb-spacing-left-large:8.46%;--awb-width-medium:33.333333333333%;--awb-order-medium:0;--awb-spacing-right-medium:8.46%;--awb-spacing-left-medium:8.46%;--awb-width-small:100%;--awb-order-small:0;--awb-spacing-right-small:2.82%;--awb-spacing-left-small:2.82%;\" data-scroll-devices=\"small-visibility,medium-visibility,large-visibility\"><div class=\"fusion-column-wrapper fusion-column-has-shadow fusion-flex-justify-content-center fusion-content-layout-column\"><div class=\"fusion-text fusion-text-5\" style=\"--awb-content-alignment:center;--awb-text-color:var(--awb-color1);\"><p><strong>En la Cl\u00ednica Dental Ar\u00fas, entenem la import\u00e0ncia de mantenir els teus dents, i\u00a0 tamb\u00e9 les genives i l&#8217;os que els envolta, en \u00f2ptimes condicions de salut.<\/strong><\/p>\n<p>El nostre enfocament comen\u00e7a amb un diagn\u00f2stic detallat, utilitzant tecnologia avan\u00e7ada per a detectar qualsevol signe de malaltia periodontal en les seves etapes m\u00e9s primerenques i posar-li soluci\u00f3 amb els seg\u00fcents tractaments depenent de la fase de malaltia periodontal:<\/p>\n<\/div><\/div><\/div><div class=\"fusion-layout-column fusion_builder_column fusion-builder-column-7 fusion_builder_column_2_3 2_3 fusion-flex-column\" style=\"--awb-bg-size:cover;--awb-width-large:66.666666666667%;--awb-margin-top-large:0px;--awb-spacing-right-large:4.23%;--awb-margin-bottom-large:20px;--awb-spacing-left-large:4.23%;--awb-width-medium:66.666666666667%;--awb-order-medium:0;--awb-spacing-right-medium:4.23%;--awb-spacing-left-medium:4.23%;--awb-width-small:100%;--awb-order-small:0;--awb-spacing-right-small:2.82%;--awb-spacing-left-small:2.82%;\"><div class=\"fusion-column-wrapper fusion-column-has-shadow fusion-flex-justify-content-flex-start fusion-content-layout-column\"><div class=\"fusion-text fusion-text-6\"><h3>Profilaxi dental<\/h3>\n<p>Neteja regular per a remoure la placa i el carrall de la superf\u00edcie de les dents i les genives.<\/p>\n<h3>Raspat i allisat radicular<\/h3>\n<p>Un procediment m\u00e9s profund que la neteja regular. Implica eliminar la placa i el carrall de sota la l\u00ednia de les genives i allisar les arrels de les dents per a prevenir l&#8217;acumulaci\u00f3 futura de placa.<\/p>\n<\/div><ul style=\"--awb-line-height:27.2px;--awb-icon-width:27.2px;--awb-icon-height:27.2px;--awb-icon-margin:11.2px;--awb-content-margin:38.4px;--awb-circlecolor:var(--awb-color4);--awb-circle-yes-font-size:14.08px;\" class=\"fusion-checklist fusion-checklist-2 fusion-checklist-default type-icons\"><li class=\"fusion-li-item\" style=\"\"><span class=\"icon-wrapper circle-yes\"><i class=\"fusion-li-icon awb-icon-check\" aria-hidden=\"true\"><\/i><\/span><div class=\"fusion-li-item-content\">\n<p><strong>Cirurgia periodontal<\/strong><\/p>\n<\/div><\/li><li class=\"fusion-li-item\" style=\"\"><span class=\"icon-wrapper circle-yes\"><i class=\"fusion-li-icon awb-icon-check\" aria-hidden=\"true\"><\/i><\/span><div class=\"fusion-li-item-content\">\n<p><strong>Cirurgia de penjoll:<\/strong> aixecar les genives per a eliminar el carrall profund i reduir la grand\u00e0ria de les bosses periodontals. Despr\u00e9s de la neteja, les genives se suturen novament en el seu lloc.<\/p>\n<\/div><\/li><li class=\"fusion-li-item\" style=\"\"><span class=\"icon-wrapper circle-yes\"><i class=\"fusion-li-icon awb-icon-check\" aria-hidden=\"true\"><\/i><\/span><div class=\"fusion-li-item-content\">\n<p><strong>Empelts ossis i de teixits tous:<\/strong> utilitzats per a regenerar o reempla\u00e7ar teixit ossi o de les genives perdut a causa de la malaltia periodontal.<\/p>\n<\/div><\/li><li class=\"fusion-li-item\" style=\"\"><span class=\"icon-wrapper circle-yes\"><i class=\"fusion-li-icon awb-icon-check\" aria-hidden=\"true\"><\/i><\/span><div class=\"fusion-li-item-content\">\n<p><strong>Cirurgia regenerativa:<\/strong> estimular el creixement d&#8217;os i teixit connectiu per a reempla\u00e7ar els danyats per la malaltia periodontal.<\/p>\n<\/div><\/li><li class=\"fusion-li-item\" style=\"\"><span class=\"icon-wrapper circle-yes\"><i class=\"fusion-li-icon awb-icon-check\" aria-hidden=\"true\"><\/i><\/span><div class=\"fusion-li-item-content\">\n<p><strong>Reducci\u00f3 de bosses periodontals:<\/strong> cirurgia destinada a reduir la grand\u00e0ria de les bosses periodontals per a facilitar la neteja i el manteniment.<\/p>\n<\/div><\/li><\/ul><\/div><\/div><\/div><\/div><div class=\"fusion-fullwidth fullwidth-box fusion-builder-row-5 fusion-flex-container has-pattern-background has-mask-background nonhundred-percent-fullwidth non-hundred-percent-height-scrolling\" style=\"--awb-border-radius-top-left:0px;--awb-border-radius-top-right:0px;--awb-border-radius-bottom-right:0px;--awb-border-radius-bottom-left:0px;--awb-padding-top:80px;--awb-padding-bottom:80px;--awb-flex-wrap:wrap;\" ><div class=\"fusion-builder-row fusion-row fusion-flex-align-items-flex-start fusion-flex-content-wrap\" style=\"max-width:1325px;margin-left: calc(-6% \/ 2 );margin-right: calc(-6% \/ 2 );\"><div class=\"fusion-layout-column fusion_builder_column fusion-builder-column-8 fusion_builder_column_2_5 2_5 fusion-flex-column\" style=\"--awb-bg-size:cover;--awb-width-large:40%;--awb-margin-top-large:0px;--awb-spacing-right-large:7.05%;--awb-margin-bottom-large:20px;--awb-spacing-left-large:7.05%;--awb-width-medium:40%;--awb-order-medium:0;--awb-spacing-right-medium:7.05%;--awb-spacing-left-medium:7.05%;--awb-width-small:100%;--awb-order-small:0;--awb-spacing-right-small:2.82%;--awb-spacing-left-small:2.82%;\"><div class=\"fusion-column-wrapper fusion-column-has-shadow fusion-flex-justify-content-flex-start fusion-content-layout-column\"><div class=\"fusion-title title fusion-title-5 fusion-sep-none fusion-title-text fusion-title-size-two\"><h2 class=\"fusion-title-heading title-heading-left fusion-responsive-typography-calculated\" style=\"margin:0;--fontSize:35;line-height:var(--awb-typography1-line-height);\">Preguntes freq\u00fcents de Period\u00f2ncia<\/h2><\/div><\/div><\/div><div class=\"fusion-layout-column fusion_builder_column fusion-builder-column-9 fusion_builder_column_3_5 3_5 fusion-flex-column\" style=\"--awb-bg-size:cover;--awb-width-large:60%;--awb-margin-top-large:0px;--awb-spacing-right-large:4.7%;--awb-margin-bottom-large:20px;--awb-spacing-left-large:4.7%;--awb-width-medium:60%;--awb-order-medium:0;--awb-spacing-right-medium:4.7%;--awb-spacing-left-medium:4.7%;--awb-width-small:100%;--awb-order-small:0;--awb-spacing-right-small:2.82%;--awb-spacing-left-small:2.82%;\"><div class=\"fusion-column-wrapper fusion-column-has-shadow fusion-flex-justify-content-flex-start fusion-content-layout-column\"><div class=\"accordian fusion-accordian\" style=\"--awb-border-size:1px;--awb-icon-size:16px;--awb-content-font-size:17px;--awb-icon-alignment:left;--awb-hover-color:var(--awb-color2);--awb-border-color:var(--awb-color3);--awb-background-color:var(--awb-color1);--awb-divider-color:var(--awb-color3);--awb-divider-hover-color:var(--awb-color3);--awb-icon-color:var(--awb-color1);--awb-title-color:var(--awb-color8);--awb-content-color:var(--awb-color8);--awb-icon-box-color:var(--awb-color5);--awb-toggle-hover-accent-color:var(--awb-color5);--awb-title-font-family:var(--awb-typography1-font-family);--awb-title-font-weight:var(--awb-typography1-font-weight);--awb-title-font-style:var(--awb-typography1-font-style);--awb-title-font-size:20px;--awb-title-letter-spacing:var(--awb-typography1-letter-spacing);--awb-title-line-height:var(--awb-typography1-line-height);--awb-content-font-family:&quot;Open Sans&quot;;--awb-content-font-style:normal;--awb-content-font-weight:300;\"><div class=\"panel-group fusion-toggle-icon-boxed\" id=\"accordion-438-1\"><div class=\"fusion-panel panel-default panel-865b0b64eea8bd59b fusion-toggle-has-divider\" style=\"--awb-title-color:var(--awb-color8);\"><div class=\"panel-heading\"><h3 class=\"panel-title toggle\" id=\"toggle_865b0b64eea8bd59b\"><a aria-expanded=\"false\" aria-controls=\"865b0b64eea8bd59b\" role=\"button\" data-toggle=\"collapse\" data-parent=\"#accordion-438-1\" data-target=\"#865b0b64eea8bd59b\" href=\"#865b0b64eea8bd59b\"><span class=\"fusion-toggle-icon-wrapper\" aria-hidden=\"true\"><i class=\"fa-fusion-box active-icon awb-icon-minus\" aria-hidden=\"true\"><\/i><i class=\"fa-fusion-box inactive-icon awb-icon-plus\" aria-hidden=\"true\"><\/i><\/span><span class=\"fusion-toggle-heading\">Quins s\u00f3n els s\u00edmptomes de les malalties periodontals?<\/span><\/a><\/h3><\/div><div id=\"865b0b64eea8bd59b\" class=\"panel-collapse collapse \" aria-labelledby=\"toggle_865b0b64eea8bd59b\"><div class=\"panel-body toggle-content fusion-clearfix\">\n<p>Els s\u00edmptomes comuns de les malalties periodontals inclouen genives vermelles, inflamades o sagnants, mal al\u00e8 persistent, retracci\u00f3 de les genives, dents en moviment i sensibles, i en casos greus, p\u00e8rdua de dents.<\/p>\n<\/div><\/div><\/div><div class=\"fusion-panel panel-default panel-5fd81ce63d150d428 fusion-toggle-has-divider\" style=\"--awb-title-color:var(--awb-color8);\"><div class=\"panel-heading\"><h3 class=\"panel-title toggle\" id=\"toggle_5fd81ce63d150d428\"><a aria-expanded=\"false\" aria-controls=\"5fd81ce63d150d428\" role=\"button\" data-toggle=\"collapse\" data-parent=\"#accordion-438-1\" data-target=\"#5fd81ce63d150d428\" href=\"#5fd81ce63d150d428\"><span class=\"fusion-toggle-icon-wrapper\" aria-hidden=\"true\"><i class=\"fa-fusion-box active-icon awb-icon-minus\" aria-hidden=\"true\"><\/i><i class=\"fa-fusion-box inactive-icon awb-icon-plus\" aria-hidden=\"true\"><\/i><\/span><span class=\"fusion-toggle-heading\">Com es tracta la periodontitis?<\/span><\/a><\/h3><\/div><div id=\"5fd81ce63d150d428\" class=\"panel-collapse collapse \" aria-labelledby=\"toggle_5fd81ce63d150d428\"><div class=\"panel-body toggle-content fusion-clearfix\">\n<p>El tractament de la periodontitis pot variar segons la severitat de la malaltia. Els tractaments van des de neteges profundes (raspat i allisat radicular) fins a procediments quir\u00fargics per a reduir les bosses periodontals i regenerar el teixit perdut.<\/p>\n<\/div><\/div><\/div><div class=\"fusion-panel panel-default panel-d703b832b01de4236 fusion-toggle-has-divider\" style=\"--awb-title-color:var(--awb-color8);\"><div class=\"panel-heading\"><h3 class=\"panel-title toggle\" id=\"toggle_d703b832b01de4236\"><a aria-expanded=\"false\" aria-controls=\"d703b832b01de4236\" role=\"button\" data-toggle=\"collapse\" data-parent=\"#accordion-438-1\" data-target=\"#d703b832b01de4236\" href=\"#d703b832b01de4236\"><span class=\"fusion-toggle-icon-wrapper\" aria-hidden=\"true\"><i class=\"fa-fusion-box active-icon awb-icon-minus\" aria-hidden=\"true\"><\/i><i class=\"fa-fusion-box inactive-icon awb-icon-plus\" aria-hidden=\"true\"><\/i><\/span><span class=\"fusion-toggle-heading\">\u00c9s possible prevenir les malalties periodontals?<\/span><\/a><\/h3><\/div><div id=\"d703b832b01de4236\" class=\"panel-collapse collapse \" aria-labelledby=\"toggle_d703b832b01de4236\"><div class=\"panel-body toggle-content fusion-clearfix\">\n<p>S\u00ed, la prevenci\u00f3 \u00e9s clau en la period\u00f2ncia. Una bona higiene bucal, que inclou raspallat i \u00fas de fil dental diari, juntament amb visites regulars al dentista per a neteges professionals, pot prevenir significativament el desenvolupament de malalties periodontals.<\/p>\n<\/div><\/div><\/div><div class=\"fusion-panel panel-default panel-08581abeecf567be4 fusion-toggle-has-divider\" style=\"--awb-title-color:var(--awb-color8);\"><div class=\"panel-heading\"><h3 class=\"panel-title toggle\" id=\"toggle_08581abeecf567be4\"><a aria-expanded=\"false\" aria-controls=\"08581abeecf567be4\" role=\"button\" data-toggle=\"collapse\" data-parent=\"#accordion-438-1\" data-target=\"#08581abeecf567be4\" href=\"#08581abeecf567be4\"><span class=\"fusion-toggle-icon-wrapper\" aria-hidden=\"true\"><i class=\"fa-fusion-box active-icon awb-icon-minus\" aria-hidden=\"true\"><\/i><i class=\"fa-fusion-box inactive-icon awb-icon-plus\" aria-hidden=\"true\"><\/i><\/span><span class=\"fusion-toggle-heading\">Per qu\u00e8 \u00e9s important tractar les malalties periodontals?<\/span><\/a><\/h3><\/div><div id=\"08581abeecf567be4\" class=\"panel-collapse collapse \" aria-labelledby=\"toggle_08581abeecf567be4\"><div class=\"panel-body toggle-content fusion-clearfix\">\n<p>Sense tractament, les malalties periodontals poden portar a la p\u00e8rdua de dents i han estat associades amb altres condicions de salut com a malalties card\u00edaques i diabetis. Tractar-les no sols millora la salut de la teva boca, sin\u00f3 que tamb\u00e9 pot tenir beneficis per a la teva salut general.<\/p>\n<\/div><\/div><\/div><div class=\"fusion-panel panel-default panel-591d4dd8c0441a829 fusion-toggle-has-divider\" style=\"--awb-title-color:var(--awb-color8);\"><div class=\"panel-heading\"><h3 class=\"panel-title toggle\" id=\"toggle_591d4dd8c0441a829\"><a aria-expanded=\"false\" aria-controls=\"591d4dd8c0441a829\" role=\"button\" data-toggle=\"collapse\" data-parent=\"#accordion-438-1\" data-target=\"#591d4dd8c0441a829\" href=\"#591d4dd8c0441a829\"><span class=\"fusion-toggle-icon-wrapper\" aria-hidden=\"true\"><i class=\"fa-fusion-box active-icon awb-icon-minus\" aria-hidden=\"true\"><\/i><i class=\"fa-fusion-box inactive-icon awb-icon-plus\" aria-hidden=\"true\"><\/i><\/span><span class=\"fusion-toggle-heading\">Rehabilitaci\u00f3 oral i pr\u00f2tesi dental<\/span><\/a><\/h3><\/div><div id=\"591d4dd8c0441a829\" class=\"panel-collapse collapse \" aria-labelledby=\"toggle_591d4dd8c0441a829\"><div class=\"panel-body toggle-content fusion-clearfix\">\n<p>L\u2019especialitat de Rehabilitaci\u00f3 Oral i Pr\u00f2tesi Dental est\u00e0 dedicada a restaurar la funci\u00f3, l&#8217;est\u00e8tica i la comoditat del teu somriure mitjan\u00e7ant tecnologia avan\u00e7ada i materials d&#8217;\u00faltima generaci\u00f3. La nostra filosofia se centra en la premisa \u201codontologia sense metall&#8221;, una tend\u00e8ncia que ofereix resultats est\u00e8tics superiors i una compatibilitat biol\u00f2gica excel\u00b7lent.<\/p>\n<\/div><\/div><\/div><\/div><\/div><\/div><\/div><\/div><\/div><div class=\"fusion-fullwidth fullwidth-box fusion-builder-row-6 fusion-flex-container has-pattern-background has-mask-background fusion-parallax-none nonhundred-percent-fullwidth non-hundred-percent-height-scrolling\" style=\"--awb-border-radius-top-left:0px;--awb-border-radius-top-right:0px;--awb-border-radius-bottom-right:0px;--awb-border-radius-bottom-left:0px;--awb-padding-top:80px;--awb-padding-bottom:80px;--awb-background-image:url(&quot;https:\/\/www.clinicaarus.com\/wp-content\/uploads\/2024\/02\/HOME4PIDETUQRAVISITA.jpg&quot;);--awb-background-size:cover;--awb-flex-wrap:wrap;\" id=\"contacto\" ><div class=\"fusion-builder-row fusion-row fusion-flex-align-items-flex-start fusion-flex-justify-content-center fusion-flex-content-wrap\" style=\"max-width:1325px;margin-left: calc(-6% \/ 2 );margin-right: calc(-6% \/ 2 );\"><div class=\"fusion-layout-column fusion_builder_column fusion-builder-column-10 fusion_builder_column_4_5 4_5 fusion-flex-column\" style=\"--awb-padding-top:40px;--awb-padding-right:30px;--awb-padding-bottom:30px;--awb-padding-left:30px;--awb-overflow:hidden;--awb-bg-color:rgba(255,255,255,0.95);--awb-bg-color-hover:rgba(255,255,255,0.95);--awb-bg-size:cover;--awb-border-radius:8px 8px 8px 8px;--awb-width-large:80%;--awb-margin-top-large:0px;--awb-spacing-right-large:3.525%;--awb-margin-bottom-large:40px;--awb-spacing-left-large:3.525%;--awb-width-medium:80%;--awb-order-medium:0;--awb-spacing-right-medium:3.525%;--awb-spacing-left-medium:3.525%;--awb-width-small:100%;--awb-order-small:0;--awb-spacing-right-small:2.82%;--awb-spacing-left-small:2.82%;\" data-scroll-devices=\"small-visibility,medium-visibility,large-visibility\"><div class=\"fusion-column-wrapper fusion-column-has-shadow fusion-flex-justify-content-flex-start fusion-content-layout-column\"><div class=\"fusion-title title fusion-title-6 fusion-sep-none fusion-title-center fusion-title-text fusion-title-size-two\" style=\"--awb-margin-bottom:30px;\"><h2 class=\"fusion-title-heading title-heading-center fusion-responsive-typography-calculated\" style=\"margin:0;--fontSize:35;line-height:var(--awb-typography1-line-height);\">Demana la teva cita sense comprom\u00eds<\/h2><\/div><div class=\"fusion-separator fusion-full-width-sep\" style=\"align-self: center;margin-left: auto;margin-right: auto;margin-bottom:40px;width:100%;\"><div class=\"fusion-separator-border sep-single sep-solid\" style=\"--awb-height:20px;--awb-amount:20px;border-color:var(--awb-color3);border-top-width:0px;\"><\/div><\/div><div class=\"fusion-text fusion-text-7\">\n<div class=\"wpcf7 no-js\" id=\"wpcf7-f418-o1\" lang=\"es-ES\" dir=\"ltr\">\n<div class=\"screen-reader-response\"><p role=\"status\" aria-live=\"polite\" aria-atomic=\"true\"><\/p> <ul><\/ul><\/div>\n<form action=\"\/ca\/wp-json\/wp\/v2\/pages\/438#wpcf7-f418-o1\" method=\"post\" class=\"wpcf7-form init\" aria-label=\"Formulario de contacto\" novalidate=\"novalidate\" data-status=\"init\">\n<div style=\"display: none;\">\n<input type=\"hidden\" name=\"_wpcf7\" value=\"418\" \/>\n<input type=\"hidden\" name=\"_wpcf7_version\" value=\"5.9.3\" \/>\n<input type=\"hidden\" name=\"_wpcf7_locale\" value=\"es_ES\" \/>\n<input type=\"hidden\" name=\"_wpcf7_unit_tag\" value=\"wpcf7-f418-o1\" \/>\n<input type=\"hidden\" name=\"_wpcf7_container_post\" value=\"0\" \/>\n<input type=\"hidden\" name=\"_wpcf7_posted_data_hash\" value=\"\" \/>\n<input type=\"hidden\" name=\"_wpcf7_recaptcha_response\" value=\"\" \/>\n<\/div>\n<div class=\"fusion-one-third one_third fusion-layout-column fusion-spacing-yes\">\n\t<p><label> Nom i Cognom*<br \/>\n<span class=\"wpcf7-form-control-wrap\" data-name=\"your-name\"><input size=\"40\" class=\"wpcf7-form-control wpcf7-text wpcf7-validates-as-required\" aria-required=\"true\" aria-invalid=\"false\" value=\"\" type=\"text\" name=\"your-name\" \/><\/span> <\/label>\n\t<\/p>\n<\/div>\n<div class=\"fusion-one-third one_third fusion-layout-column fusion-spacing-yes\">\n\t<p><label> Tel\u00e8fon*<br \/>\n<span class=\"wpcf7-form-control-wrap\" data-name=\"tel-336\"><input size=\"40\" class=\"wpcf7-form-control wpcf7-tel wpcf7-validates-as-required wpcf7-text wpcf7-validates-as-tel\" aria-required=\"true\" aria-invalid=\"false\" value=\"\" type=\"tel\" name=\"tel-336\" \/><\/span> <\/label>\n\t<\/p>\n<\/div>\n<div class=\"fusion-one-third one_third fusion-layout-column fusion-spacing-yes fusion-column-last\">\n\t<p><label> Correu electr\u00f2nic*<br \/>\n<span class=\"wpcf7-form-control-wrap\" data-name=\"email-760\"><input size=\"40\" class=\"wpcf7-form-control wpcf7-email wpcf7-validates-as-required wpcf7-text wpcf7-validates-as-email\" aria-required=\"true\" aria-invalid=\"false\" value=\"\" type=\"email\" name=\"email-760\" \/><\/span> <\/label>\n\t<\/p>\n<\/div>\n<p><label> Motiu*<br \/>\n<span class=\"wpcf7-form-control-wrap\" data-name=\"motivo\"><select class=\"wpcf7-form-control wpcf7-select wpcf7-validates-as-required\" aria-required=\"true\" aria-invalid=\"false\" name=\"motivo\"><option value=\"\">&#8212;Por favor, elige una opci\u00f3n&#8212;<\/option><option value=\"Primera visita\">Primera visita<\/option><option value=\"Urg\u00e8ncies\">Urg\u00e8ncies<\/option><option value=\"Revisi\u00f3\">Revisi\u00f3<\/option><option value=\"Altres\">Altres<\/option><\/select><\/span> <\/label>\n<\/p>\n<p><label> Missatge*<br \/>\n<span class=\"wpcf7-form-control-wrap\" data-name=\"your-message\"><textarea cols=\"40\" rows=\"10\" class=\"wpcf7-form-control wpcf7-textarea wpcf7-validates-as-required\" aria-required=\"true\" aria-invalid=\"false\" name=\"your-message\"><\/textarea><\/span> <\/label>\n<\/p>\n<p><span class=\"wpcf7-form-control-wrap\" data-name=\"acceptance-545\"><span class=\"wpcf7-form-control wpcf7-acceptance\"><span class=\"wpcf7-list-item\"><label><input type=\"checkbox\" name=\"acceptance-545\" value=\"1\" aria-invalid=\"false\" \/><span class=\"wpcf7-list-item-label\">He llegit i accepto la <a href=\"https:\/\/www.clinicaarus.com\/politica-de-privacidad\/\" target=\"_blank\" rel=\"noopener\">Pol\u00edtica de Privacitat<\/a><\/span><\/label><\/span><\/span><\/span>\n<\/p>\n<p><input class=\"wpcf7-form-control wpcf7-submit has-spinner\" type=\"submit\" value=\"Enviar\" \/>\n<\/p><div class=\"fusion-alert alert custom alert-custom fusion-alert-center wpcf7-response-output awb-alert-native-link-color alert-dismissable awb-alert-close-boxed\" style=\"--awb-border-size:1px;--awb-border-top-left-radius:0px;--awb-border-top-right-radius:0px;--awb-border-bottom-left-radius:0px;--awb-border-bottom-right-radius:0px;\" role=\"alert\"><div class=\"fusion-alert-content-wrapper\"><span class=\"fusion-alert-content\"><\/span><\/div><button type=\"button\" class=\"close toggle-alert\" data-dismiss=\"alert\" aria-label=\"Close\">&times;<\/button><\/div>\n<\/form>\n<\/div>\n\n<p><span style=\"color: #ffffff;\">.<\/span><\/p>\n<\/div><\/div><\/div><\/div><\/div><\/p>\n","protected":false},"excerpt":{"rendered":"","protected":false},"author":1,"featured_media":0,"parent":422,"menu_order":0,"comment_status":"closed","ping_status":"closed","template":"100-width.php","meta":{"footnotes":""},"class_list":["post-438","page","type-page","status-publish","hentry"],"_links":{"self":[{"href":"https:\/\/www.clinicaarus.com\/ca\/wp-json\/wp\/v2\/pages\/438","targetHints":{"allow":["GET"]}}],"collection":[{"href":"https:\/\/www.clinicaarus.com\/ca\/wp-json\/wp\/v2\/pages"}],"about":[{"href":"https:\/\/www.clinicaarus.com\/ca\/wp-json\/wp\/v2\/types\/page"}],"author":[{"embeddable":true,"href":"https:\/\/www.clinicaarus.com\/ca\/wp-json\/wp\/v2\/users\/1"}],"replies":[{"embeddable":true,"href":"https:\/\/www.clinicaarus.com\/ca\/wp-json\/wp\/v2\/comments?post=438"}],"version-history":[{"count":5,"href":"https:\/\/www.clinicaarus.com\/ca\/wp-json\/wp\/v2\/pages\/438\/revisions"}],"predecessor-version":[{"id":648,"href":"https:\/\/www.clinicaarus.com\/ca\/wp-json\/wp\/v2\/pages\/438\/revisions\/648"}],"up":[{"embeddable":true,"href":"https:\/\/www.clinicaarus.com\/ca\/wp-json\/wp\/v2\/pages\/422"}],"wp:attachment":[{"href":"https:\/\/www.clinicaarus.com\/ca\/wp-json\/wp\/v2\/media?parent=438"}],"curies":[{"name":"wp","href":"https:\/\/api.w.org\/{rel}","templated":true}]}}