{"id":444,"date":"2023-12-14T10:53:19","date_gmt":"2023-12-14T09:53:19","guid":{"rendered":"https:\/\/clinicaarus.com\/equipo\/"},"modified":"2024-04-19T15:07:54","modified_gmt":"2024-04-19T13:07:54","slug":"equip","status":"publish","type":"page","link":"https:\/\/www.clinicaarus.com\/ca\/equip\/","title":{"rendered":"Equip"},"content":{"rendered":"<p><div class=\"fusion-fullwidth fullwidth-box fusion-builder-row-1 fusion-flex-container has-pattern-background has-mask-background hundred-percent-fullwidth non-hundred-percent-height-scrolling\" style=\"--awb-border-color:var(--awb-color3);--awb-border-radius-top-left:0px;--awb-border-radius-top-right:0px;--awb-border-radius-bottom-right:0px;--awb-border-radius-bottom-left:0px;--awb-padding-top:0px;--awb-padding-right:0px;--awb-padding-bottom:0px;--awb-padding-left:0px;--awb-margin-bottom:0px;--awb-flex-wrap:wrap;\" ><div class=\"fusion-builder-row fusion-row fusion-flex-align-items-stretch fusion-flex-content-wrap\" style=\"width:calc( 100% + 0px ) !important;max-width:calc( 100% + 0px ) !important;margin-left: calc(-0px \/ 2 );margin-right: calc(-0px \/ 2 );\"><div class=\"fusion-layout-column fusion_builder_column fusion-builder-column-0 fusion_builder_column_2_5 2_5 fusion-flex-column\" style=\"--awb-padding-top:6vh;--awb-padding-right:5vw;--awb-padding-bottom:5vh;--awb-padding-left:5vw;--awb-padding-top-medium:8vw;--awb-padding-bottom-medium:8vw;--awb-padding-top-small:70px;--awb-padding-bottom-small:70px;--awb-bg-color:rgba(255,255,255,0);--awb-bg-color-hover:rgba(255,255,255,0);--awb-bg-size:cover;--awb-width-large:40%;--awb-margin-top-large:0px;--awb-spacing-right-large:0px;--awb-margin-bottom-large:0px;--awb-spacing-left-large:0px;--awb-width-medium:40%;--awb-order-medium:0;--awb-spacing-right-medium:0px;--awb-spacing-left-medium:0px;--awb-width-small:100%;--awb-order-small:1;--awb-spacing-right-small:0px;--awb-spacing-left-small:0px;\" data-scroll-devices=\"small-visibility,medium-visibility,large-visibility\"><div class=\"fusion-column-wrapper fusion-column-has-shadow fusion-flex-justify-content-flex-start fusion-content-layout-column\"><div class=\"fusion-title title fusion-title-1 fusion-sep-none fusion-title-text fusion-title-size-one\"><h1 class=\"fusion-title-heading title-heading-left fusion-responsive-typography-calculated\" style=\"margin:0;--fontSize:40;line-height:var(--awb-typography1-line-height);\">Equip<\/h1><\/div><div class=\"fusion-text fusion-text-1\"><p>El nostre equip \u00e9s el pilar fonamental de la nostra cl\u00ednica. Compost per professionals altament qualificats i apassionats per l&#8217;odontologia, cada membre aporta la seva experi\u00e8ncia i coneixement especialitzat.<\/p>\n<p>A la Cl\u00ednica Ar\u00fas ens comprometem amb la formaci\u00f3 cont\u00ednua per a estar sempre al dia amb els \u00faltims avan\u00e7os en el camp dental. Aix\u00f2 assegura que els nostres pacients rebin no nom\u00e9s la millor atenci\u00f3 possible, sin\u00f3 tamb\u00e9 tractaments innovadors i d&#8217;avantguarda.<\/p>\n<p>L&#8217;empatia i la comunicaci\u00f3 s\u00f3n essencials en el nostre enfocament d&#8217;atenci\u00f3 al pacient. Creiem fermament en la import\u00e0ncia d&#8217;escoltar i entendre les necessitats i preocupacions de cada persona, creant aix\u00ed un vincle de confian\u00e7a i comprensi\u00f3.<\/p>\n<\/div><\/div><\/div><div class=\"fusion-layout-column fusion_builder_column fusion-builder-column-1 fusion_builder_column_3_5 3_5 fusion-flex-column\" style=\"--awb-bg-image:url(&#039;https:\/\/www.clinicaarus.com\/wp-content\/uploads\/2024\/02\/EQUIPO5.jpg&#039;);--awb-bg-position:center center;--awb-bg-size:cover;--awb-width-large:60%;--awb-margin-top-large:0px;--awb-spacing-right-large:0px;--awb-margin-bottom-large:0px;--awb-spacing-left-large:0px;--awb-width-medium:60%;--awb-order-medium:0;--awb-spacing-right-medium:0px;--awb-spacing-left-medium:0px;--awb-width-small:100%;--awb-order-small:0;--awb-spacing-right-small:0px;--awb-spacing-left-small:0px;\" data-scroll-devices=\"small-visibility,medium-visibility,large-visibility\"><div class=\"fusion-column-wrapper fusion-column-has-shadow fusion-flex-justify-content-flex-start fusion-content-layout-column fusion-empty-column-bg-image fusion-column-has-bg-image\" data-bg-url=\"https:\/\/www.clinicaarus.com\/wp-content\/uploads\/2024\/02\/EQUIPO5.jpg\"><img decoding=\"async\" class=\"fusion-empty-dims-img-placeholder fusion-no-large-visibility fusion-no-medium-visibility\" src=\"data:image\/svg+xml,%3Csvg%20xmlns%3D%27http%3A%2F%2Fwww.w3.org%2F2000%2Fsvg%27%20width%3D%271200%27%20height%3D%27800%27%20viewBox%3D%270%200%201200%20800%27%3E%3Crect%20width%3D%271200%27%20height%3D%27800%27%20fill-opacity%3D%220%22%2F%3E%3C%2Fsvg%3E\"><\/div><\/div><\/div><\/div><div class=\"fusion-fullwidth fullwidth-box fusion-builder-row-2 fusion-flex-container has-pattern-background has-mask-background hundred-percent-fullwidth non-hundred-percent-height-scrolling\" style=\"--awb-border-radius-top-left:0px;--awb-border-radius-top-right:0px;--awb-border-radius-bottom-right:0px;--awb-border-radius-bottom-left:0px;--awb-padding-right:0px;--awb-padding-left:0px;--awb-flex-wrap:wrap;\" ><div class=\"fusion-builder-row fusion-row fusion-flex-align-items-flex-start fusion-flex-content-wrap\" style=\"width:106% !important;max-width:106% !important;margin-left: calc(-6% \/ 2 );margin-right: calc(-6% \/ 2 );\"><div class=\"fusion-layout-column fusion_builder_column fusion-builder-column-2 fusion_builder_column_1_1 1_1 fusion-flex-column\" style=\"--awb-bg-size:cover;--awb-width-large:100%;--awb-margin-top-large:0px;--awb-spacing-right-large:2.82%;--awb-margin-bottom-large:20px;--awb-spacing-left-large:2.82%;--awb-width-medium:100%;--awb-order-medium:0;--awb-spacing-right-medium:2.82%;--awb-spacing-left-medium:2.82%;--awb-width-small:100%;--awb-order-small:0;--awb-spacing-right-small:2.82%;--awb-spacing-left-small:2.82%;\"><div class=\"fusion-column-wrapper fusion-column-has-shadow fusion-flex-justify-content-flex-start fusion-content-layout-column\"><\/div><\/div><\/div><\/div><div class=\"fusion-fullwidth fullwidth-box fusion-builder-row-3 fusion-flex-container has-pattern-background has-mask-background nonhundred-percent-fullwidth non-hundred-percent-height-scrolling\" style=\"--awb-border-radius-top-left:0px;--awb-border-radius-top-right:0px;--awb-border-radius-bottom-right:0px;--awb-border-radius-bottom-left:0px;--awb-padding-top:50px;--awb-flex-wrap:wrap;\" ><div class=\"fusion-builder-row fusion-row fusion-flex-align-items-flex-start fusion-flex-content-wrap\" style=\"max-width:1325px;margin-left: calc(-6% \/ 2 );margin-right: calc(-6% \/ 2 );\"><div class=\"fusion-layout-column fusion_builder_column fusion-builder-column-3 fusion_builder_column_1_1 1_1 fusion-flex-column\" style=\"--awb-bg-size:cover;--awb-width-large:100%;--awb-margin-top-large:0px;--awb-spacing-right-large:2.82%;--awb-margin-bottom-large:20px;--awb-spacing-left-large:2.82%;--awb-width-medium:100%;--awb-order-medium:0;--awb-spacing-right-medium:2.82%;--awb-spacing-left-medium:2.82%;--awb-width-small:100%;--awb-order-small:0;--awb-spacing-right-small:2.82%;--awb-spacing-left-small:2.82%;\"><div class=\"fusion-column-wrapper fusion-column-has-shadow fusion-flex-justify-content-flex-start fusion-content-layout-column\"><div class=\"fusion-title title fusion-title-2 fusion-sep-none fusion-title-center fusion-title-text fusion-title-size-two\"><h2 class=\"fusion-title-heading title-heading-center fusion-responsive-typography-calculated\" style=\"margin:0;--fontSize:35;line-height:var(--awb-typography1-line-height);\">El nostre equip d&#8217;experts<\/h2><\/div><div class=\"fusion-text fusion-text-2\"><p style=\"text-align: center;\">El nostre equip treballa de manera coordinada per a proporcionar una experi\u00e8ncia dental integral i satisfact\u00f2ria, assegurant que cada visita sigui el m\u00e9s c\u00f2moda i positiva possible.<\/p>\n<\/div><\/div><\/div><div class=\"fusion-layout-column fusion_builder_column fusion-builder-column-4 fusion_builder_column_1_4 1_4 fusion-flex-column\" style=\"--awb-bg-size:cover;--awb-width-large:25%;--awb-margin-top-large:0px;--awb-spacing-right-large:11.28%;--awb-margin-bottom-large:50px;--awb-spacing-left-large:11.28%;--awb-width-medium:25%;--awb-order-medium:0;--awb-spacing-right-medium:11.28%;--awb-spacing-left-medium:11.28%;--awb-width-small:100%;--awb-order-small:0;--awb-spacing-right-small:2.82%;--awb-spacing-left-small:2.82%;\" data-scroll-devices=\"small-visibility,medium-visibility,large-visibility\"><div class=\"fusion-column-wrapper fusion-column-has-shadow fusion-flex-justify-content-flex-start fusion-content-layout-column\"><div class=\"fusion-image-element \" style=\"text-align:center;--awb-caption-title-font-family:var(--h2_typography-font-family);--awb-caption-title-font-weight:var(--h2_typography-font-weight);--awb-caption-title-font-style:var(--h2_typography-font-style);--awb-caption-title-size:var(--h2_typography-font-size);--awb-caption-title-transform:var(--h2_typography-text-transform);--awb-caption-title-line-height:var(--h2_typography-line-height);--awb-caption-title-letter-spacing:var(--h2_typography-letter-spacing);\"><span class=\" fusion-imageframe imageframe-none imageframe-1 hover-type-none\"><img decoding=\"async\" width=\"533\" height=\"800\" title=\"Dr. Arturo\" src=\"https:\/\/www.clinicaarus.com\/wp-content\/uploads\/2024\/02\/Dr.-Arturo-1.jpg\" alt class=\"img-responsive wp-image-410\" srcset=\"https:\/\/www.clinicaarus.com\/wp-content\/uploads\/2024\/02\/Dr.-Arturo-1-200x300.jpg 200w, https:\/\/www.clinicaarus.com\/wp-content\/uploads\/2024\/02\/Dr.-Arturo-1-400x600.jpg 400w, https:\/\/www.clinicaarus.com\/wp-content\/uploads\/2024\/02\/Dr.-Arturo-1.jpg 533w\" sizes=\"(max-width: 640px) 100vw, 400px\" \/><\/span><\/div><div class=\"fusion-text fusion-text-3 fusion-text-no-margin\" style=\"--awb-margin-bottom:0px;\"><h3>Arturo Ar\u00fas Alemany<\/h3>\n<p><strong>Est\u00e8tica i Rehabilitaci\u00f3 Oral<\/strong><\/p>\n<\/div><div class=\"accordian fusion-accordian\" style=\"--awb-border-size:1px;--awb-icon-size:18px;--awb-content-font-size:var(--awb-typography4-font-size);--awb-icon-alignment:left;--awb-hover-color:var(--awb-color2);--awb-border-color:var(--awb-color3);--awb-background-color:var(--awb-color1);--awb-divider-color:var(--awb-color3);--awb-divider-hover-color:var(--awb-color3);--awb-icon-color:var(--awb-color5);--awb-title-color:var(--awb-color5);--awb-content-color:var(--awb-color8);--awb-icon-box-color:var(--awb-color8);--awb-toggle-hover-accent-color:var(--awb-color5);--awb-title-font-family:var(--awb-typography1-font-family);--awb-title-font-weight:var(--awb-typography1-font-weight);--awb-title-font-style:var(--awb-typography1-font-style);--awb-title-font-size:15px;--awb-title-letter-spacing:var(--awb-typography1-letter-spacing);--awb-title-line-height:var(--awb-typography1-line-height);--awb-content-font-family:var(--awb-typography4-font-family);--awb-content-font-weight:var(--awb-typography4-font-weight);--awb-content-font-style:var(--awb-typography4-font-style);\"><div class=\"panel-group fusion-toggle-icon-unboxed\" id=\"accordion-444-1\"><div class=\"fusion-panel panel-default panel-8f3c3f2ff511b089f fusion-toggle-no-divider\" style=\"--awb-title-color:var(--awb-color8);\"><div class=\"panel-heading\"><div class=\"panel-title toggle\" id=\"toggle_8f3c3f2ff511b089f\"><a aria-expanded=\"false\" aria-controls=\"8f3c3f2ff511b089f\" role=\"button\" data-toggle=\"collapse\" data-parent=\"#accordion-444-1\" data-target=\"#8f3c3f2ff511b089f\" href=\"#8f3c3f2ff511b089f\"><span class=\"fusion-toggle-icon-wrapper\" aria-hidden=\"true\"><i class=\"fa-fusion-box active-icon awb-icon-minus\" aria-hidden=\"true\"><\/i><i class=\"fa-fusion-box inactive-icon fa-arrow-right fas\" aria-hidden=\"true\"><\/i><\/span><span class=\"fusion-toggle-heading\">Saber-ne m\u00e9s<\/span><\/a><\/div><\/div><div id=\"8f3c3f2ff511b089f\" class=\"panel-collapse collapse \" aria-labelledby=\"toggle_8f3c3f2ff511b089f\"><div class=\"panel-body toggle-content fusion-clearfix\">\n<p>Llicenciat en Medicina i Estomatologia per la Universitat de Barcelona, el Dr. Ar\u00fas Alemany \u00e9s un pilar de coneixement i experi\u00e8ncia en la nostra cl\u00ednica.<\/p>\n<p>Amb una especial acreditaci\u00f3 en Radiodiagn\u00f2stic i el seu rol com a professor en el Postgrau de Pr\u00f2tesi en la Universitat de Barcelona, aporta una perspectiva educativa i pr\u00e0ctica en el tractament dental.<\/p>\n<p>Membre actiu del Col\u00b7legi d&#8217;Odont\u00f2legs i Estomat\u00f2legs de Catalunya i de la Societat Espanyola de Period\u00f2ncia, el seu comprom\u00eds amb l&#8217;excel\u00b7l\u00e8ncia \u00e9s evident.<\/p>\n<\/div><\/div><\/div><\/div><\/div><\/div><\/div><div class=\"fusion-layout-column fusion_builder_column fusion-builder-column-5 fusion_builder_column_1_4 1_4 fusion-flex-column\" style=\"--awb-bg-size:cover;--awb-width-large:25%;--awb-margin-top-large:0px;--awb-spacing-right-large:11.28%;--awb-margin-bottom-large:50px;--awb-spacing-left-large:11.28%;--awb-width-medium:25%;--awb-order-medium:0;--awb-spacing-right-medium:11.28%;--awb-spacing-left-medium:11.28%;--awb-width-small:100%;--awb-order-small:0;--awb-spacing-right-small:2.82%;--awb-spacing-left-small:2.82%;\" data-scroll-devices=\"small-visibility,medium-visibility,large-visibility\"><div class=\"fusion-column-wrapper fusion-column-has-shadow fusion-flex-justify-content-flex-start fusion-content-layout-column\"><div class=\"fusion-image-element \" style=\"text-align:center;--awb-caption-title-font-family:var(--h2_typography-font-family);--awb-caption-title-font-weight:var(--h2_typography-font-weight);--awb-caption-title-font-style:var(--h2_typography-font-style);--awb-caption-title-size:var(--h2_typography-font-size);--awb-caption-title-transform:var(--h2_typography-text-transform);--awb-caption-title-line-height:var(--h2_typography-line-height);--awb-caption-title-letter-spacing:var(--h2_typography-letter-spacing);\"><span class=\" fusion-imageframe imageframe-none imageframe-2 hover-type-none\"><img decoding=\"async\" width=\"800\" height=\"1200\" title=\"Guillermo Aru\u0301s Cambra implantologi\u0301a\" src=\"https:\/\/www.clinicaarus.com\/wp-content\/uploads\/2024\/02\/Guillermo-Arus-Cambra-implantologia.jpg\" alt class=\"img-responsive wp-image-399\" srcset=\"https:\/\/www.clinicaarus.com\/wp-content\/uploads\/2024\/02\/Guillermo-Arus-Cambra-implantologia-200x300.jpg 200w, https:\/\/www.clinicaarus.com\/wp-content\/uploads\/2024\/02\/Guillermo-Arus-Cambra-implantologia-400x600.jpg 400w, https:\/\/www.clinicaarus.com\/wp-content\/uploads\/2024\/02\/Guillermo-Arus-Cambra-implantologia-600x900.jpg 600w, https:\/\/www.clinicaarus.com\/wp-content\/uploads\/2024\/02\/Guillermo-Arus-Cambra-implantologia.jpg 800w\" sizes=\"(max-width: 640px) 100vw, 400px\" \/><\/span><\/div><div class=\"fusion-text fusion-text-4 fusion-text-no-margin\" style=\"--awb-margin-bottom:0px;\"><h3><b>Guillermo Ar\u00fas Cambra<\/b><\/h3>\n<p><strong>Implantologia<\/strong><\/p>\n<\/div><div class=\"accordian fusion-accordian\" style=\"--awb-border-size:1px;--awb-icon-size:18px;--awb-content-font-size:var(--awb-typography4-font-size);--awb-icon-alignment:left;--awb-hover-color:var(--awb-color2);--awb-border-color:var(--awb-color3);--awb-background-color:var(--awb-color1);--awb-divider-color:var(--awb-color3);--awb-divider-hover-color:var(--awb-color3);--awb-icon-color:var(--awb-color5);--awb-title-color:var(--awb-color5);--awb-content-color:var(--awb-color8);--awb-icon-box-color:var(--awb-color8);--awb-toggle-hover-accent-color:var(--awb-color5);--awb-title-font-family:var(--awb-typography1-font-family);--awb-title-font-weight:var(--awb-typography1-font-weight);--awb-title-font-style:var(--awb-typography1-font-style);--awb-title-font-size:15px;--awb-title-letter-spacing:var(--awb-typography1-letter-spacing);--awb-title-line-height:var(--awb-typography1-line-height);--awb-content-font-family:var(--awb-typography4-font-family);--awb-content-font-weight:var(--awb-typography4-font-weight);--awb-content-font-style:var(--awb-typography4-font-style);\"><div class=\"panel-group fusion-toggle-icon-unboxed\" id=\"accordion-444-2\"><div class=\"fusion-panel panel-default panel-d152e1c9482d7efcd fusion-toggle-no-divider\" style=\"--awb-title-color:var(--awb-color8);\"><div class=\"panel-heading\"><div class=\"panel-title toggle\" id=\"toggle_d152e1c9482d7efcd\"><a aria-expanded=\"false\" aria-controls=\"d152e1c9482d7efcd\" role=\"button\" data-toggle=\"collapse\" data-parent=\"#accordion-444-2\" data-target=\"#d152e1c9482d7efcd\" href=\"#d152e1c9482d7efcd\"><span class=\"fusion-toggle-icon-wrapper\" aria-hidden=\"true\"><i class=\"fa-fusion-box active-icon awb-icon-minus\" aria-hidden=\"true\"><\/i><i class=\"fa-fusion-box inactive-icon fa-arrow-right fas\" aria-hidden=\"true\"><\/i><\/span><span class=\"fusion-toggle-heading\">Saber-ne m\u00e9s<\/span><\/a><\/div><\/div><div id=\"d152e1c9482d7efcd\" class=\"panel-collapse collapse \" aria-labelledby=\"toggle_d152e1c9482d7efcd\"><div class=\"panel-body toggle-content fusion-clearfix\">\n<p>Llicenciat en Odontologia per la Universitat Alfons X El Savi, amb un m\u00e0ster en implantologia i pr\u00f2tesi en la Universitat de Barcelona.<\/p>\n<p>La seva dedicaci\u00f3 i habilitat en l&#8217;\u00fas de tecnologia digital complementen el seu profund coneixement en implantologia, un aspecte crucial en els nostres serveis dentals.<\/p>\n<\/div><\/div><\/div><\/div><\/div><\/div><\/div><div class=\"fusion-layout-column fusion_builder_column fusion-builder-column-6 fusion_builder_column_1_4 1_4 fusion-flex-column\" style=\"--awb-bg-size:cover;--awb-width-large:25%;--awb-margin-top-large:0px;--awb-spacing-right-large:11.28%;--awb-margin-bottom-large:50px;--awb-spacing-left-large:11.28%;--awb-width-medium:25%;--awb-order-medium:0;--awb-spacing-right-medium:11.28%;--awb-spacing-left-medium:11.28%;--awb-width-small:100%;--awb-order-small:0;--awb-spacing-right-small:2.82%;--awb-spacing-left-small:2.82%;\" data-scroll-devices=\"small-visibility,medium-visibility,large-visibility\"><div class=\"fusion-column-wrapper fusion-column-has-shadow fusion-flex-justify-content-flex-start fusion-content-layout-column\"><div class=\"fusion-image-element \" style=\"text-align:center;--awb-caption-title-font-family:var(--h2_typography-font-family);--awb-caption-title-font-weight:var(--h2_typography-font-weight);--awb-caption-title-font-style:var(--h2_typography-font-style);--awb-caption-title-size:var(--h2_typography-font-size);--awb-caption-title-transform:var(--h2_typography-text-transform);--awb-caption-title-line-height:var(--h2_typography-line-height);--awb-caption-title-letter-spacing:var(--h2_typography-letter-spacing);\"><span class=\" fusion-imageframe imageframe-none imageframe-3 hover-type-none\"><img decoding=\"async\" width=\"800\" height=\"1200\" title=\"Mari\u0301a A\u0301lvarez Ferna\u0301ndez Periodoncia\" src=\"https:\/\/www.clinicaarus.com\/wp-content\/uploads\/2024\/02\/Maria-Alvarez-Fernandez-Periodoncia.jpg\" alt class=\"img-responsive wp-image-402\" srcset=\"https:\/\/www.clinicaarus.com\/wp-content\/uploads\/2024\/02\/Maria-Alvarez-Fernandez-Periodoncia-200x300.jpg 200w, https:\/\/www.clinicaarus.com\/wp-content\/uploads\/2024\/02\/Maria-Alvarez-Fernandez-Periodoncia-400x600.jpg 400w, https:\/\/www.clinicaarus.com\/wp-content\/uploads\/2024\/02\/Maria-Alvarez-Fernandez-Periodoncia-600x900.jpg 600w, https:\/\/www.clinicaarus.com\/wp-content\/uploads\/2024\/02\/Maria-Alvarez-Fernandez-Periodoncia.jpg 800w\" sizes=\"(max-width: 640px) 100vw, 400px\" \/><\/span><\/div><div class=\"fusion-text fusion-text-5 fusion-text-no-margin\" style=\"--awb-margin-bottom:0px;\"><h3><b>Mar\u00eda \u00c1lvarez Fern\u00e1ndez <\/b><\/h3>\n<p><strong>Period\u00f2ncia<\/strong><\/p>\n<\/div><div class=\"accordian fusion-accordian\" style=\"--awb-border-size:1px;--awb-icon-size:18px;--awb-content-font-size:var(--awb-typography4-font-size);--awb-icon-alignment:left;--awb-hover-color:var(--awb-color2);--awb-border-color:var(--awb-color3);--awb-background-color:var(--awb-color1);--awb-divider-color:var(--awb-color3);--awb-divider-hover-color:var(--awb-color3);--awb-icon-color:var(--awb-color5);--awb-title-color:var(--awb-color5);--awb-content-color:var(--awb-color8);--awb-icon-box-color:var(--awb-color8);--awb-toggle-hover-accent-color:var(--awb-color5);--awb-title-font-family:var(--awb-typography1-font-family);--awb-title-font-weight:var(--awb-typography1-font-weight);--awb-title-font-style:var(--awb-typography1-font-style);--awb-title-font-size:15px;--awb-title-letter-spacing:var(--awb-typography1-letter-spacing);--awb-title-line-height:var(--awb-typography1-line-height);--awb-content-font-family:var(--awb-typography4-font-family);--awb-content-font-weight:var(--awb-typography4-font-weight);--awb-content-font-style:var(--awb-typography4-font-style);\"><div class=\"panel-group fusion-toggle-icon-unboxed\" id=\"accordion-444-3\"><div class=\"fusion-panel panel-default panel-645d3ca34ca324d73 fusion-toggle-no-divider\" style=\"--awb-title-color:var(--awb-color8);\"><div class=\"panel-heading\"><div class=\"panel-title toggle\" id=\"toggle_645d3ca34ca324d73\"><a aria-expanded=\"false\" aria-controls=\"645d3ca34ca324d73\" role=\"button\" data-toggle=\"collapse\" data-parent=\"#accordion-444-3\" data-target=\"#645d3ca34ca324d73\" href=\"#645d3ca34ca324d73\"><span class=\"fusion-toggle-icon-wrapper\" aria-hidden=\"true\"><i class=\"fa-fusion-box active-icon awb-icon-minus\" aria-hidden=\"true\"><\/i><i class=\"fa-fusion-box inactive-icon fa-arrow-right fas\" aria-hidden=\"true\"><\/i><\/span><span class=\"fusion-toggle-heading\">Saber-ne m\u00e9s<\/span><\/a><\/div><\/div><div id=\"645d3ca34ca324d73\" class=\"panel-collapse collapse \" aria-labelledby=\"toggle_645d3ca34ca324d73\"><div class=\"panel-body toggle-content fusion-clearfix\">\n<p>Graduada en Odontologia per la Universitat Alfons X El Savi, la Dra. \u00c1lvarez Fern\u00e1ndez \u00e9s experta en Period\u00f2ncia, amb un M\u00e0ster en l&#8217;especialitat de la Universitat d&#8217;Alcal\u00e1.<\/p>\n<p>Com a membre del Col\u00b7legi d&#8217;Odont\u00f2legs i Estomat\u00f2legs de Madrid, la seva especialitzaci\u00f3 en period\u00f2ncia enriqueix el nostre equip amb un enfocament profund en la salut de les genives i els teixits que suporten les dents.<\/p>\n<\/div><\/div><\/div><\/div><\/div><\/div><\/div><div class=\"fusion-layout-column fusion_builder_column fusion-builder-column-7 fusion_builder_column_1_4 1_4 fusion-flex-column\" style=\"--awb-bg-size:cover;--awb-width-large:25%;--awb-margin-top-large:0px;--awb-spacing-right-large:11.28%;--awb-margin-bottom-large:50px;--awb-spacing-left-large:11.28%;--awb-width-medium:25%;--awb-order-medium:0;--awb-spacing-right-medium:11.28%;--awb-spacing-left-medium:11.28%;--awb-width-small:100%;--awb-order-small:0;--awb-spacing-right-small:2.82%;--awb-spacing-left-small:2.82%;\" data-scroll-devices=\"small-visibility,medium-visibility,large-visibility\"><div class=\"fusion-column-wrapper fusion-column-has-shadow fusion-flex-justify-content-flex-start fusion-content-layout-column\"><div class=\"fusion-image-element \" style=\"text-align:center;--awb-caption-title-font-family:var(--h2_typography-font-family);--awb-caption-title-font-weight:var(--h2_typography-font-weight);--awb-caption-title-font-style:var(--h2_typography-font-style);--awb-caption-title-size:var(--h2_typography-font-size);--awb-caption-title-transform:var(--h2_typography-text-transform);--awb-caption-title-line-height:var(--h2_typography-line-height);--awb-caption-title-letter-spacing:var(--h2_typography-letter-spacing);\"><span class=\" fusion-imageframe imageframe-none imageframe-4 hover-type-none\"><img decoding=\"async\" width=\"800\" height=\"1200\" title=\"Anabel Montalvillo Rodri\u0301guez ortodoncia\" src=\"https:\/\/www.clinicaarus.com\/wp-content\/uploads\/2024\/02\/Anabel-Montalvillo-Rodriguez-ortodoncia.jpg\" alt class=\"img-responsive wp-image-397\" srcset=\"https:\/\/www.clinicaarus.com\/wp-content\/uploads\/2024\/02\/Anabel-Montalvillo-Rodriguez-ortodoncia-200x300.jpg 200w, https:\/\/www.clinicaarus.com\/wp-content\/uploads\/2024\/02\/Anabel-Montalvillo-Rodriguez-ortodoncia-400x600.jpg 400w, https:\/\/www.clinicaarus.com\/wp-content\/uploads\/2024\/02\/Anabel-Montalvillo-Rodriguez-ortodoncia-600x900.jpg 600w, https:\/\/www.clinicaarus.com\/wp-content\/uploads\/2024\/02\/Anabel-Montalvillo-Rodriguez-ortodoncia.jpg 800w\" sizes=\"(max-width: 640px) 100vw, 400px\" \/><\/span><\/div><div class=\"fusion-text fusion-text-6 fusion-text-no-margin\" style=\"--awb-margin-bottom:0px;\"><h3><b>Anabel Montalvillo Rodr\u00edguez<\/b><\/h3>\n<p><strong>Ortod\u00f2ncia<\/strong><\/p>\n<\/div><div class=\"accordian fusion-accordian\" style=\"--awb-border-size:1px;--awb-icon-size:18px;--awb-content-font-size:var(--awb-typography4-font-size);--awb-icon-alignment:left;--awb-hover-color:var(--awb-color2);--awb-border-color:var(--awb-color3);--awb-background-color:var(--awb-color1);--awb-divider-color:var(--awb-color3);--awb-divider-hover-color:var(--awb-color3);--awb-icon-color:var(--awb-color5);--awb-title-color:var(--awb-color5);--awb-content-color:var(--awb-color8);--awb-icon-box-color:var(--awb-color8);--awb-toggle-hover-accent-color:var(--awb-color5);--awb-title-font-family:var(--awb-typography1-font-family);--awb-title-font-weight:var(--awb-typography1-font-weight);--awb-title-font-style:var(--awb-typography1-font-style);--awb-title-font-size:15px;--awb-title-letter-spacing:var(--awb-typography1-letter-spacing);--awb-title-line-height:var(--awb-typography1-line-height);--awb-content-font-family:var(--awb-typography4-font-family);--awb-content-font-weight:var(--awb-typography4-font-weight);--awb-content-font-style:var(--awb-typography4-font-style);\"><div class=\"panel-group fusion-toggle-icon-unboxed\" id=\"accordion-444-4\"><div class=\"fusion-panel panel-default panel-d725d13ba2cfb2562 fusion-toggle-no-divider\" style=\"--awb-title-color:var(--awb-color8);\"><div class=\"panel-heading\"><div class=\"panel-title toggle\" id=\"toggle_d725d13ba2cfb2562\"><a aria-expanded=\"false\" aria-controls=\"d725d13ba2cfb2562\" role=\"button\" data-toggle=\"collapse\" data-parent=\"#accordion-444-4\" data-target=\"#d725d13ba2cfb2562\" href=\"#d725d13ba2cfb2562\"><span class=\"fusion-toggle-icon-wrapper\" aria-hidden=\"true\"><i class=\"fa-fusion-box active-icon awb-icon-minus\" aria-hidden=\"true\"><\/i><i class=\"fa-fusion-box inactive-icon fa-arrow-right fas\" aria-hidden=\"true\"><\/i><\/span><span class=\"fusion-toggle-heading\">Saber-ne m\u00e9s<\/span><\/a><\/div><\/div><div id=\"d725d13ba2cfb2562\" class=\"panel-collapse collapse \" aria-labelledby=\"toggle_d725d13ba2cfb2562\"><div class=\"panel-body toggle-content fusion-clearfix\">\n<p>Llicenciada en Odontologia i amb un Doctorat en Odontologia, esment Cum laude, de la Universitat de Barcelona, la Dra. Montalvillo Rodr\u00edguez \u00e9s una autoritat en Ortod\u00f2ncia.<\/p>\n<p>Amb m\u00faltiples m\u00e0sters en Ortod\u00f2ncia Cl\u00ednica, incloent-hi el sistema Invisalign\u00ae, la seva experi\u00e8ncia i coneixement en aquesta \u00e0rea s\u00f3n inestimables per a pacients que busquen solucions est\u00e8tiques i efectives per a alinear les seves dents.<\/p>\n<\/div><\/div><\/div><\/div><\/div><\/div><\/div><div class=\"fusion-layout-column fusion_builder_column fusion-builder-column-8 fusion_builder_column_1_4 1_4 fusion-flex-column\" style=\"--awb-bg-size:cover;--awb-width-large:25%;--awb-margin-top-large:0px;--awb-spacing-right-large:11.28%;--awb-margin-bottom-large:50px;--awb-spacing-left-large:11.28%;--awb-width-medium:25%;--awb-order-medium:0;--awb-spacing-right-medium:11.28%;--awb-spacing-left-medium:11.28%;--awb-width-small:100%;--awb-order-small:0;--awb-spacing-right-small:2.82%;--awb-spacing-left-small:2.82%;\" data-scroll-devices=\"small-visibility,medium-visibility,large-visibility\"><div class=\"fusion-column-wrapper fusion-column-has-shadow fusion-flex-justify-content-flex-start fusion-content-layout-column\"><div class=\"fusion-image-element \" style=\"text-align:center;--awb-caption-title-font-family:var(--h2_typography-font-family);--awb-caption-title-font-weight:var(--h2_typography-font-weight);--awb-caption-title-font-style:var(--h2_typography-font-style);--awb-caption-title-size:var(--h2_typography-font-size);--awb-caption-title-transform:var(--h2_typography-text-transform);--awb-caption-title-line-height:var(--h2_typography-line-height);--awb-caption-title-letter-spacing:var(--h2_typography-letter-spacing);\"><span class=\" fusion-imageframe imageframe-none imageframe-5 hover-type-none\"><img decoding=\"async\" width=\"800\" height=\"1200\" title=\"Luisa Prat Odontopediatra\" src=\"https:\/\/www.clinicaarus.com\/wp-content\/uploads\/2024\/02\/Luisa-Prat-Odontopediatra.jpg\" alt class=\"img-responsive wp-image-400\" srcset=\"https:\/\/www.clinicaarus.com\/wp-content\/uploads\/2024\/02\/Luisa-Prat-Odontopediatra-200x300.jpg 200w, https:\/\/www.clinicaarus.com\/wp-content\/uploads\/2024\/02\/Luisa-Prat-Odontopediatra-400x600.jpg 400w, https:\/\/www.clinicaarus.com\/wp-content\/uploads\/2024\/02\/Luisa-Prat-Odontopediatra-600x900.jpg 600w, https:\/\/www.clinicaarus.com\/wp-content\/uploads\/2024\/02\/Luisa-Prat-Odontopediatra.jpg 800w\" sizes=\"(max-width: 640px) 100vw, 400px\" \/><\/span><\/div><div class=\"fusion-text fusion-text-7 fusion-text-no-margin\" style=\"--awb-margin-bottom:0px;\"><h3>Joana Cabeza<\/h3>\n<p><strong>Odontopediatra<\/strong><\/p>\n<\/div><div class=\"accordian fusion-accordian\" style=\"--awb-border-size:1px;--awb-icon-size:18px;--awb-content-font-size:var(--awb-typography4-font-size);--awb-icon-alignment:left;--awb-hover-color:var(--awb-color2);--awb-border-color:var(--awb-color3);--awb-background-color:var(--awb-color1);--awb-divider-color:var(--awb-color3);--awb-divider-hover-color:var(--awb-color3);--awb-icon-color:var(--awb-color5);--awb-title-color:var(--awb-color5);--awb-content-color:var(--awb-color8);--awb-icon-box-color:var(--awb-color8);--awb-toggle-hover-accent-color:var(--awb-color5);--awb-title-font-family:var(--awb-typography1-font-family);--awb-title-font-weight:var(--awb-typography1-font-weight);--awb-title-font-style:var(--awb-typography1-font-style);--awb-title-font-size:15px;--awb-title-letter-spacing:var(--awb-typography1-letter-spacing);--awb-title-line-height:var(--awb-typography1-line-height);--awb-content-font-family:var(--awb-typography4-font-family);--awb-content-font-weight:var(--awb-typography4-font-weight);--awb-content-font-style:var(--awb-typography4-font-style);\"><div class=\"panel-group fusion-toggle-icon-unboxed\" id=\"accordion-444-5\"><div class=\"fusion-panel panel-default panel-d1ff4635859762e0f fusion-toggle-no-divider\" style=\"--awb-title-color:var(--awb-color8);\"><div class=\"panel-heading\"><div class=\"panel-title toggle\" id=\"toggle_d1ff4635859762e0f\"><a aria-expanded=\"false\" aria-controls=\"d1ff4635859762e0f\" role=\"button\" data-toggle=\"collapse\" data-parent=\"#accordion-444-5\" data-target=\"#d1ff4635859762e0f\" href=\"#d1ff4635859762e0f\"><span class=\"fusion-toggle-icon-wrapper\" aria-hidden=\"true\"><i class=\"fa-fusion-box active-icon awb-icon-minus\" aria-hidden=\"true\"><\/i><i class=\"fa-fusion-box inactive-icon fa-arrow-right fas\" aria-hidden=\"true\"><\/i><\/span><span class=\"fusion-toggle-heading\">Saber-ne m\u00e9s<\/span><\/a><\/div><\/div><div id=\"d1ff4635859762e0f\" class=\"panel-collapse collapse \" aria-labelledby=\"toggle_d1ff4635859762e0f\"><div class=\"panel-body toggle-content fusion-clearfix\">\n<p>La Dra. Cabeza \u00e9s odont\u00f2loga titulada per la Universitat de Barcelona, compta amb un Postgrau en Ortod\u00f2ncia Interceptiva (SCOE) i un M\u00e0ster en Odontopediatria.<\/p>\n<p>La seva principal prioritat \u00e9s cuidar la salut bucodental dels pacients m\u00e9s petits i ensenyar-li a tota la fam\u00edlia com preservar les dents naturals i tenir un somriure de 10.<\/p>\n<\/div><\/div><\/div><\/div><\/div><\/div><\/div><div class=\"fusion-layout-column fusion_builder_column fusion-builder-column-9 fusion_builder_column_1_4 1_4 fusion-flex-column\" style=\"--awb-bg-size:cover;--awb-width-large:25%;--awb-margin-top-large:0px;--awb-spacing-right-large:11.28%;--awb-margin-bottom-large:50px;--awb-spacing-left-large:11.28%;--awb-width-medium:25%;--awb-order-medium:0;--awb-spacing-right-medium:11.28%;--awb-spacing-left-medium:11.28%;--awb-width-small:100%;--awb-order-small:0;--awb-spacing-right-small:2.82%;--awb-spacing-left-small:2.82%;\" data-scroll-devices=\"small-visibility,medium-visibility,large-visibility\"><div class=\"fusion-column-wrapper fusion-column-has-shadow fusion-flex-justify-content-flex-start fusion-content-layout-column\"><div class=\"fusion-image-element \" style=\"text-align:center;--awb-caption-title-font-family:var(--h2_typography-font-family);--awb-caption-title-font-weight:var(--h2_typography-font-weight);--awb-caption-title-font-style:var(--h2_typography-font-style);--awb-caption-title-size:var(--h2_typography-font-size);--awb-caption-title-transform:var(--h2_typography-text-transform);--awb-caption-title-line-height:var(--h2_typography-line-height);--awb-caption-title-letter-spacing:var(--h2_typography-letter-spacing);\"><span class=\" fusion-imageframe imageframe-none imageframe-6 hover-type-none\"><img decoding=\"async\" width=\"800\" height=\"1200\" title=\"Alejandra higienista\" src=\"https:\/\/www.clinicaarus.com\/wp-content\/uploads\/2024\/02\/Alejandra-higienista.jpg\" alt class=\"img-responsive wp-image-396\" srcset=\"https:\/\/www.clinicaarus.com\/wp-content\/uploads\/2024\/02\/Alejandra-higienista-200x300.jpg 200w, https:\/\/www.clinicaarus.com\/wp-content\/uploads\/2024\/02\/Alejandra-higienista-400x600.jpg 400w, https:\/\/www.clinicaarus.com\/wp-content\/uploads\/2024\/02\/Alejandra-higienista-600x900.jpg 600w, https:\/\/www.clinicaarus.com\/wp-content\/uploads\/2024\/02\/Alejandra-higienista.jpg 800w\" sizes=\"(max-width: 640px) 100vw, 400px\" \/><\/span><\/div><div class=\"fusion-text fusion-text-8 fusion-text-no-margin\" style=\"--awb-margin-bottom:0px;\"><h3>Alejandra<\/h3>\n<p><strong>Higienista<\/strong><\/p>\n<\/div><div class=\"accordian fusion-accordian\" style=\"--awb-border-size:1px;--awb-icon-size:18px;--awb-content-font-size:var(--awb-typography4-font-size);--awb-icon-alignment:left;--awb-hover-color:var(--awb-color2);--awb-border-color:var(--awb-color3);--awb-background-color:var(--awb-color1);--awb-divider-color:var(--awb-color3);--awb-divider-hover-color:var(--awb-color3);--awb-icon-color:var(--awb-color5);--awb-title-color:var(--awb-color5);--awb-content-color:var(--awb-color8);--awb-icon-box-color:var(--awb-color8);--awb-toggle-hover-accent-color:var(--awb-color5);--awb-title-font-family:var(--awb-typography1-font-family);--awb-title-font-weight:var(--awb-typography1-font-weight);--awb-title-font-style:var(--awb-typography1-font-style);--awb-title-font-size:15px;--awb-title-letter-spacing:var(--awb-typography1-letter-spacing);--awb-title-line-height:var(--awb-typography1-line-height);--awb-content-font-family:var(--awb-typography4-font-family);--awb-content-font-weight:var(--awb-typography4-font-weight);--awb-content-font-style:var(--awb-typography4-font-style);\"><div class=\"panel-group fusion-toggle-icon-unboxed\" id=\"accordion-444-6\"><div class=\"fusion-panel panel-default panel-5fe9f356369b5bd59 fusion-toggle-no-divider\" style=\"--awb-title-color:var(--awb-color8);\"><div class=\"panel-heading\"><div class=\"panel-title toggle\" id=\"toggle_5fe9f356369b5bd59\"><a aria-expanded=\"false\" aria-controls=\"5fe9f356369b5bd59\" role=\"button\" data-toggle=\"collapse\" data-parent=\"#accordion-444-6\" data-target=\"#5fe9f356369b5bd59\" href=\"#5fe9f356369b5bd59\"><span class=\"fusion-toggle-icon-wrapper\" aria-hidden=\"true\"><i class=\"fa-fusion-box active-icon awb-icon-minus\" aria-hidden=\"true\"><\/i><i class=\"fa-fusion-box inactive-icon fa-arrow-right fas\" aria-hidden=\"true\"><\/i><\/span><span class=\"fusion-toggle-heading\">Saber-ne m\u00e9s<\/span><\/a><\/div><\/div><div id=\"5fe9f356369b5bd59\" class=\"panel-collapse collapse \" aria-labelledby=\"toggle_5fe9f356369b5bd59\"><div class=\"panel-body toggle-content fusion-clearfix\">\n<p>A la Cl\u00ednica Ar\u00fas, l&#8217;Alejandra ha perfeccionat les seves habilitats en l&#8217;\u00e0mbit de la higiene i la salut bucodental. La seva principal motivaci\u00f3 \u00e9s transmetre-li als pacients confian\u00e7a i que perdin la por al dentista.<\/p>\n<\/div><\/div><\/div><\/div><\/div><\/div><\/div><div class=\"fusion-layout-column fusion_builder_column fusion-builder-column-10 fusion_builder_column_1_4 1_4 fusion-flex-column\" style=\"--awb-bg-size:cover;--awb-width-large:25%;--awb-margin-top-large:0px;--awb-spacing-right-large:11.28%;--awb-margin-bottom-large:50px;--awb-spacing-left-large:11.28%;--awb-width-medium:25%;--awb-order-medium:0;--awb-spacing-right-medium:11.28%;--awb-spacing-left-medium:11.28%;--awb-width-small:100%;--awb-order-small:0;--awb-spacing-right-small:2.82%;--awb-spacing-left-small:2.82%;\" data-scroll-devices=\"small-visibility,medium-visibility,large-visibility\"><div class=\"fusion-column-wrapper fusion-column-has-shadow fusion-flex-justify-content-flex-start fusion-content-layout-column\"><div class=\"fusion-image-element \" style=\"text-align:center;--awb-caption-title-font-family:var(--h2_typography-font-family);--awb-caption-title-font-weight:var(--h2_typography-font-weight);--awb-caption-title-font-style:var(--h2_typography-font-style);--awb-caption-title-size:var(--h2_typography-font-size);--awb-caption-title-transform:var(--h2_typography-text-transform);--awb-caption-title-line-height:var(--h2_typography-line-height);--awb-caption-title-letter-spacing:var(--h2_typography-letter-spacing);\"><span class=\" fusion-imageframe imageframe-none imageframe-7 hover-type-none\"><img decoding=\"async\" width=\"800\" height=\"1200\" title=\"Yolanda Cruz A\u0301lvaro Auxiliar de cli\u0301nica\" src=\"https:\/\/www.clinicaarus.com\/wp-content\/uploads\/2024\/02\/Yolanda-Cruz-Alvaro-Auxiliar-de-clinica.jpg\" alt class=\"img-responsive wp-image-403\" srcset=\"https:\/\/www.clinicaarus.com\/wp-content\/uploads\/2024\/02\/Yolanda-Cruz-Alvaro-Auxiliar-de-clinica-200x300.jpg 200w, https:\/\/www.clinicaarus.com\/wp-content\/uploads\/2024\/02\/Yolanda-Cruz-Alvaro-Auxiliar-de-clinica-400x600.jpg 400w, https:\/\/www.clinicaarus.com\/wp-content\/uploads\/2024\/02\/Yolanda-Cruz-Alvaro-Auxiliar-de-clinica-600x900.jpg 600w, https:\/\/www.clinicaarus.com\/wp-content\/uploads\/2024\/02\/Yolanda-Cruz-Alvaro-Auxiliar-de-clinica.jpg 800w\" sizes=\"(max-width: 640px) 100vw, 400px\" \/><\/span><\/div><div class=\"fusion-text fusion-text-9 fusion-text-no-margin\" style=\"--awb-margin-bottom:0px;\"><h3>Yolanda Cruz Alvaro<\/h3>\n<p><strong>Auxiliar de cl\u00ednica<\/strong><\/p>\n<\/div><div class=\"accordian fusion-accordian\" style=\"--awb-border-size:1px;--awb-icon-size:18px;--awb-content-font-size:var(--awb-typography4-font-size);--awb-icon-alignment:left;--awb-hover-color:var(--awb-color2);--awb-border-color:var(--awb-color3);--awb-background-color:var(--awb-color1);--awb-divider-color:var(--awb-color3);--awb-divider-hover-color:var(--awb-color3);--awb-icon-color:var(--awb-color5);--awb-title-color:var(--awb-color5);--awb-content-color:var(--awb-color8);--awb-icon-box-color:var(--awb-color8);--awb-toggle-hover-accent-color:var(--awb-color5);--awb-title-font-family:var(--awb-typography1-font-family);--awb-title-font-weight:var(--awb-typography1-font-weight);--awb-title-font-style:var(--awb-typography1-font-style);--awb-title-font-size:15px;--awb-title-letter-spacing:var(--awb-typography1-letter-spacing);--awb-title-line-height:var(--awb-typography1-line-height);--awb-content-font-family:var(--awb-typography4-font-family);--awb-content-font-weight:var(--awb-typography4-font-weight);--awb-content-font-style:var(--awb-typography4-font-style);\"><div class=\"panel-group fusion-toggle-icon-unboxed\" id=\"accordion-444-7\"><div class=\"fusion-panel panel-default panel-725dc5ccee88b6609 fusion-toggle-no-divider\" style=\"--awb-title-color:var(--awb-color8);\"><div class=\"panel-heading\"><div class=\"panel-title toggle\" id=\"toggle_725dc5ccee88b6609\"><a aria-expanded=\"false\" aria-controls=\"725dc5ccee88b6609\" role=\"button\" data-toggle=\"collapse\" data-parent=\"#accordion-444-7\" data-target=\"#725dc5ccee88b6609\" href=\"#725dc5ccee88b6609\"><span class=\"fusion-toggle-icon-wrapper\" aria-hidden=\"true\"><i class=\"fa-fusion-box active-icon awb-icon-minus\" aria-hidden=\"true\"><\/i><i class=\"fa-fusion-box inactive-icon fa-arrow-right fas\" aria-hidden=\"true\"><\/i><\/span><span class=\"fusion-toggle-heading\">Saber-ne m\u00e9s<\/span><\/a><\/div><\/div><div id=\"725dc5ccee88b6609\" class=\"panel-collapse collapse \" aria-labelledby=\"toggle_725dc5ccee88b6609\"><div class=\"panel-body toggle-content fusion-clearfix\">\n<p>\u00c9s auxiliar dental i higienista i porta diversos anys treballant en la Cl\u00ednica\u00a0Ar\u00fas. Yolanda s&#8217;identifica al 100% amb els valors de la cl\u00ednica i a m\u00e9s de fer costat als doctors en el seu dia a dia, s&#8217;esfor\u00e7a per garantir la satisfacci\u00f3 dels pacients.<\/p>\n<\/div><\/div><\/div><\/div><\/div><\/div><\/div><div class=\"fusion-layout-column fusion_builder_column fusion-builder-column-11 fusion_builder_column_1_4 1_4 fusion-flex-column\" style=\"--awb-bg-size:cover;--awb-width-large:25%;--awb-margin-top-large:0px;--awb-spacing-right-large:11.28%;--awb-margin-bottom-large:50px;--awb-spacing-left-large:11.28%;--awb-width-medium:25%;--awb-order-medium:0;--awb-spacing-right-medium:11.28%;--awb-spacing-left-medium:11.28%;--awb-width-small:100%;--awb-order-small:0;--awb-spacing-right-small:2.82%;--awb-spacing-left-small:2.82%;\" data-scroll-devices=\"small-visibility,medium-visibility,large-visibility\"><div class=\"fusion-column-wrapper fusion-column-has-shadow fusion-flex-justify-content-flex-start fusion-content-layout-column\"><div class=\"fusion-image-element \" style=\"text-align:center;--awb-caption-title-font-family:var(--h2_typography-font-family);--awb-caption-title-font-weight:var(--h2_typography-font-weight);--awb-caption-title-font-style:var(--h2_typography-font-style);--awb-caption-title-size:var(--h2_typography-font-size);--awb-caption-title-transform:var(--h2_typography-text-transform);--awb-caption-title-line-height:var(--h2_typography-line-height);--awb-caption-title-letter-spacing:var(--h2_typography-letter-spacing);\"><span class=\" fusion-imageframe imageframe-none imageframe-8 hover-type-none\"><img decoding=\"async\" width=\"800\" height=\"1200\" title=\"Luna Brachi Domi\u0301nguez atencio\u0301n al paciente y contabilidad\" src=\"https:\/\/www.clinicaarus.com\/wp-content\/uploads\/2024\/02\/Luna-Brachi-Dominguez-atencion-al-paciente-y-contabilidad.jpg\" alt class=\"img-responsive wp-image-401\" srcset=\"https:\/\/www.clinicaarus.com\/wp-content\/uploads\/2024\/02\/Luna-Brachi-Dominguez-atencion-al-paciente-y-contabilidad-200x300.jpg 200w, https:\/\/www.clinicaarus.com\/wp-content\/uploads\/2024\/02\/Luna-Brachi-Dominguez-atencion-al-paciente-y-contabilidad-400x600.jpg 400w, https:\/\/www.clinicaarus.com\/wp-content\/uploads\/2024\/02\/Luna-Brachi-Dominguez-atencion-al-paciente-y-contabilidad-600x900.jpg 600w, https:\/\/www.clinicaarus.com\/wp-content\/uploads\/2024\/02\/Luna-Brachi-Dominguez-atencion-al-paciente-y-contabilidad.jpg 800w\" sizes=\"(max-width: 640px) 100vw, 400px\" \/><\/span><\/div><div class=\"fusion-text fusion-text-10 fusion-text-no-margin\" style=\"--awb-margin-bottom:0px;\"><h3>Luna Brachi Dom\u00ednguez<\/h3>\n<p><strong>Atenci\u00f3 al pacient i Comptabilitat<\/strong><\/p>\n<\/div><div class=\"accordian fusion-accordian\" style=\"--awb-border-size:1px;--awb-icon-size:18px;--awb-content-font-size:var(--awb-typography4-font-size);--awb-icon-alignment:left;--awb-hover-color:var(--awb-color2);--awb-border-color:var(--awb-color3);--awb-background-color:var(--awb-color1);--awb-divider-color:var(--awb-color3);--awb-divider-hover-color:var(--awb-color3);--awb-icon-color:var(--awb-color5);--awb-title-color:var(--awb-color5);--awb-content-color:var(--awb-color8);--awb-icon-box-color:var(--awb-color8);--awb-toggle-hover-accent-color:var(--awb-color5);--awb-title-font-family:var(--awb-typography1-font-family);--awb-title-font-weight:var(--awb-typography1-font-weight);--awb-title-font-style:var(--awb-typography1-font-style);--awb-title-font-size:15px;--awb-title-letter-spacing:var(--awb-typography1-letter-spacing);--awb-title-line-height:var(--awb-typography1-line-height);--awb-content-font-family:var(--awb-typography4-font-family);--awb-content-font-weight:var(--awb-typography4-font-weight);--awb-content-font-style:var(--awb-typography4-font-style);\"><div class=\"panel-group fusion-toggle-icon-unboxed\" id=\"accordion-444-8\"><div class=\"fusion-panel panel-default panel-9f35e9a834162d0ab fusion-toggle-no-divider\" style=\"--awb-title-color:var(--awb-color8);\"><div class=\"panel-heading\"><div class=\"panel-title toggle\" id=\"toggle_9f35e9a834162d0ab\"><a aria-expanded=\"false\" aria-controls=\"9f35e9a834162d0ab\" role=\"button\" data-toggle=\"collapse\" data-parent=\"#accordion-444-8\" data-target=\"#9f35e9a834162d0ab\" href=\"#9f35e9a834162d0ab\"><span class=\"fusion-toggle-icon-wrapper\" aria-hidden=\"true\"><i class=\"fa-fusion-box active-icon awb-icon-minus\" aria-hidden=\"true\"><\/i><i class=\"fa-fusion-box inactive-icon fa-arrow-right fas\" aria-hidden=\"true\"><\/i><\/span><span class=\"fusion-toggle-heading\">Saber-ne m\u00e9s<\/span><\/a><\/div><\/div><div id=\"9f35e9a834162d0ab\" class=\"panel-collapse collapse \" aria-labelledby=\"toggle_9f35e9a834162d0ab\"><div class=\"panel-body toggle-content fusion-clearfix\">\n<p>Encarregada de l&#8217;organitzaci\u00f3 i la comptabilitat, Lluna \u00e9s crucial en el funcionament diari de la nostra cl\u00ednica. La seva dedicaci\u00f3 assegura que tots els aspectes administratius es maneguin amb efici\u00e8ncia i professionalitat, permetent que l&#8217;equip m\u00e8dic es concentri completament a donar la millor atenci\u00f3 als nostres pacients.<\/p>\n<\/div><\/div><\/div><\/div><\/div><\/div><\/div><\/div><\/div><div class=\"fusion-fullwidth fullwidth-box fusion-builder-row-4 fusion-flex-container has-pattern-background has-mask-background fusion-parallax-none nonhundred-percent-fullwidth non-hundred-percent-height-scrolling\" style=\"--awb-border-radius-top-left:0px;--awb-border-radius-top-right:0px;--awb-border-radius-bottom-right:0px;--awb-border-radius-bottom-left:0px;--awb-padding-top:80px;--awb-padding-bottom:80px;--awb-background-image:url(&quot;https:\/\/www.clinicaarus.com\/wp-content\/uploads\/2024\/02\/HOME4PIDETUQRAVISITA.jpg&quot;);--awb-background-size:cover;--awb-flex-wrap:wrap;\" id=\"contacto\" ><div class=\"fusion-builder-row fusion-row fusion-flex-align-items-flex-start fusion-flex-justify-content-center fusion-flex-content-wrap\" style=\"max-width:1325px;margin-left: calc(-6% \/ 2 );margin-right: calc(-6% \/ 2 );\"><div class=\"fusion-layout-column fusion_builder_column fusion-builder-column-12 fusion_builder_column_4_5 4_5 fusion-flex-column\" style=\"--awb-padding-top:40px;--awb-padding-right:30px;--awb-padding-bottom:30px;--awb-padding-left:30px;--awb-overflow:hidden;--awb-bg-color:rgba(255,255,255,0.95);--awb-bg-color-hover:rgba(255,255,255,0.95);--awb-bg-size:cover;--awb-border-radius:8px 8px 8px 8px;--awb-width-large:80%;--awb-margin-top-large:0px;--awb-spacing-right-large:3.525%;--awb-margin-bottom-large:40px;--awb-spacing-left-large:3.525%;--awb-width-medium:80%;--awb-order-medium:0;--awb-spacing-right-medium:3.525%;--awb-spacing-left-medium:3.525%;--awb-width-small:100%;--awb-order-small:0;--awb-spacing-right-small:2.82%;--awb-spacing-left-small:2.82%;\" data-scroll-devices=\"small-visibility,medium-visibility,large-visibility\"><div class=\"fusion-column-wrapper fusion-column-has-shadow fusion-flex-justify-content-flex-start fusion-content-layout-column\"><div class=\"fusion-title title fusion-title-3 fusion-sep-none fusion-title-center fusion-title-text fusion-title-size-two\" style=\"--awb-margin-bottom:30px;\"><h2 class=\"fusion-title-heading title-heading-center fusion-responsive-typography-calculated\" style=\"margin:0;--fontSize:35;line-height:var(--awb-typography1-line-height);\">Demana la teva cita sense comprom\u00eds<\/h2><\/div><div class=\"fusion-separator fusion-full-width-sep\" style=\"align-self: center;margin-left: auto;margin-right: auto;margin-bottom:40px;width:100%;\"><div class=\"fusion-separator-border sep-single sep-solid\" style=\"--awb-height:20px;--awb-amount:20px;border-color:var(--awb-color3);border-top-width:0px;\"><\/div><\/div><div class=\"fusion-text fusion-text-11\">\n<div class=\"wpcf7 no-js\" id=\"wpcf7-f418-o1\" lang=\"es-ES\" dir=\"ltr\">\n<div class=\"screen-reader-response\"><p role=\"status\" aria-live=\"polite\" aria-atomic=\"true\"><\/p> <ul><\/ul><\/div>\n<form action=\"\/ca\/wp-json\/wp\/v2\/pages\/444#wpcf7-f418-o1\" method=\"post\" class=\"wpcf7-form init\" aria-label=\"Formulario de contacto\" novalidate=\"novalidate\" data-status=\"init\">\n<div style=\"display: none;\">\n<input type=\"hidden\" name=\"_wpcf7\" value=\"418\" \/>\n<input type=\"hidden\" name=\"_wpcf7_version\" value=\"5.9.3\" \/>\n<input type=\"hidden\" name=\"_wpcf7_locale\" value=\"es_ES\" \/>\n<input type=\"hidden\" name=\"_wpcf7_unit_tag\" value=\"wpcf7-f418-o1\" \/>\n<input type=\"hidden\" name=\"_wpcf7_container_post\" value=\"0\" \/>\n<input type=\"hidden\" name=\"_wpcf7_posted_data_hash\" value=\"\" \/>\n<input type=\"hidden\" name=\"_wpcf7_recaptcha_response\" value=\"\" \/>\n<\/div>\n<div class=\"fusion-one-third one_third fusion-layout-column fusion-spacing-yes\">\n\t<p><label> Nom i Cognom*<br \/>\n<span class=\"wpcf7-form-control-wrap\" data-name=\"your-name\"><input size=\"40\" class=\"wpcf7-form-control wpcf7-text wpcf7-validates-as-required\" aria-required=\"true\" aria-invalid=\"false\" value=\"\" type=\"text\" name=\"your-name\" \/><\/span> <\/label>\n\t<\/p>\n<\/div>\n<div class=\"fusion-one-third one_third fusion-layout-column fusion-spacing-yes\">\n\t<p><label> Tel\u00e8fon*<br \/>\n<span class=\"wpcf7-form-control-wrap\" data-name=\"tel-336\"><input size=\"40\" class=\"wpcf7-form-control wpcf7-tel wpcf7-validates-as-required wpcf7-text wpcf7-validates-as-tel\" aria-required=\"true\" aria-invalid=\"false\" value=\"\" type=\"tel\" name=\"tel-336\" \/><\/span> <\/label>\n\t<\/p>\n<\/div>\n<div class=\"fusion-one-third one_third fusion-layout-column fusion-spacing-yes fusion-column-last\">\n\t<p><label> Correu electr\u00f2nic*<br \/>\n<span class=\"wpcf7-form-control-wrap\" data-name=\"email-760\"><input size=\"40\" class=\"wpcf7-form-control wpcf7-email wpcf7-validates-as-required wpcf7-text wpcf7-validates-as-email\" aria-required=\"true\" aria-invalid=\"false\" value=\"\" type=\"email\" name=\"email-760\" \/><\/span> <\/label>\n\t<\/p>\n<\/div>\n<p><label> Motiu*<br \/>\n<span class=\"wpcf7-form-control-wrap\" data-name=\"motivo\"><select class=\"wpcf7-form-control wpcf7-select wpcf7-validates-as-required\" aria-required=\"true\" aria-invalid=\"false\" name=\"motivo\"><option value=\"\">&#8212;Por favor, elige una opci\u00f3n&#8212;<\/option><option value=\"Primera visita\">Primera visita<\/option><option value=\"Urg\u00e8ncies\">Urg\u00e8ncies<\/option><option value=\"Revisi\u00f3\">Revisi\u00f3<\/option><option value=\"Altres\">Altres<\/option><\/select><\/span> <\/label>\n<\/p>\n<p><label> Missatge*<br \/>\n<span class=\"wpcf7-form-control-wrap\" data-name=\"your-message\"><textarea cols=\"40\" rows=\"10\" class=\"wpcf7-form-control wpcf7-textarea wpcf7-validates-as-required\" aria-required=\"true\" aria-invalid=\"false\" name=\"your-message\"><\/textarea><\/span> <\/label>\n<\/p>\n<p><span class=\"wpcf7-form-control-wrap\" data-name=\"acceptance-545\"><span class=\"wpcf7-form-control wpcf7-acceptance\"><span class=\"wpcf7-list-item\"><label><input type=\"checkbox\" name=\"acceptance-545\" value=\"1\" aria-invalid=\"false\" \/><span class=\"wpcf7-list-item-label\">He llegit i accepto la <a href=\"https:\/\/www.clinicaarus.com\/politica-de-privacidad\/\" target=\"_blank\" rel=\"noopener\">Pol\u00edtica de Privacitat<\/a><\/span><\/label><\/span><\/span><\/span>\n<\/p>\n<p><input class=\"wpcf7-form-control wpcf7-submit has-spinner\" type=\"submit\" value=\"Enviar\" \/>\n<\/p><div class=\"fusion-alert alert custom alert-custom fusion-alert-center wpcf7-response-output awb-alert-native-link-color alert-dismissable awb-alert-close-boxed\" style=\"--awb-border-size:1px;--awb-border-top-left-radius:0px;--awb-border-top-right-radius:0px;--awb-border-bottom-left-radius:0px;--awb-border-bottom-right-radius:0px;\" role=\"alert\"><div class=\"fusion-alert-content-wrapper\"><span class=\"fusion-alert-content\"><\/span><\/div><button type=\"button\" class=\"close toggle-alert\" data-dismiss=\"alert\" aria-label=\"Close\">&times;<\/button><\/div>\n<\/form>\n<\/div>\n\n<p><span style=\"color: #ffffff;\">.<\/span><\/p>\n<\/div><\/div><\/div><\/div><\/div><\/p>\n","protected":false},"excerpt":{"rendered":"","protected":false},"author":1,"featured_media":0,"parent":0,"menu_order":0,"comment_status":"closed","ping_status":"closed","template":"100-width.php","meta":{"footnotes":""},"class_list":["post-444","page","type-page","status-publish","hentry"],"_links":{"self":[{"href":"https:\/\/www.clinicaarus.com\/ca\/wp-json\/wp\/v2\/pages\/444","targetHints":{"allow":["GET"]}}],"collection":[{"href":"https:\/\/www.clinicaarus.com\/ca\/wp-json\/wp\/v2\/pages"}],"about":[{"href":"https:\/\/www.clinicaarus.com\/ca\/wp-json\/wp\/v2\/types\/page"}],"author":[{"embeddable":true,"href":"https:\/\/www.clinicaarus.com\/ca\/wp-json\/wp\/v2\/users\/1"}],"replies":[{"embeddable":true,"href":"https:\/\/www.clinicaarus.com\/ca\/wp-json\/wp\/v2\/comments?post=444"}],"version-history":[{"count":14,"href":"https:\/\/www.clinicaarus.com\/ca\/wp-json\/wp\/v2\/pages\/444\/revisions"}],"predecessor-version":[{"id":655,"href":"https:\/\/www.clinicaarus.com\/ca\/wp-json\/wp\/v2\/pages\/444\/revisions\/655"}],"wp:attachment":[{"href":"https:\/\/www.clinicaarus.com\/ca\/wp-json\/wp\/v2\/media?parent=444"}],"curies":[{"name":"wp","href":"https:\/\/api.w.org\/{rel}","templated":true}]}}